{"id":5796,"date":"2021-05-01T17:03:24","date_gmt":"2021-05-01T21:03:24","guid":{"rendered":"https:\/\/caefs.ca\/our-work\/elizabeth-fry-week-human-rights-in-action-may-2021\/"},"modified":"2023-01-13T09:37:01","modified_gmt":"2023-01-13T14:37:01","slug":"elizabeth-fry-week-human-rights-in-action-may-2021","status":"publish","type":"initiative","link":"https:\/\/caefs.ca\/fr\/notre-travail\/elizabeth-fry-week-human-rights-in-action-may-2021\/","title":{"rendered":"Semaine Elizabeth Fry\u00a0: Droits de la personne en action, mai 2021"},"content":{"rendered":"\n<figure class=\"wp-block-image size-large\"><img loading=\"lazy\" decoding=\"async\" width=\"1024\" height=\"577\" src=\"https:\/\/caefs.ca\/wp-content\/uploads\/2023\/01\/EFry-Week-2021-Facebook-Banner-1024x577.png\" alt=\"\" class=\"wp-image-5945\" srcset=\"https:\/\/caefs.ca\/wp-content\/uploads\/2023\/01\/EFry-Week-2021-Facebook-Banner-1024x577.png 1024w, https:\/\/caefs.ca\/wp-content\/uploads\/2023\/01\/EFry-Week-2021-Facebook-Banner-300x169.png 300w, https:\/\/caefs.ca\/wp-content\/uploads\/2023\/01\/EFry-Week-2021-Facebook-Banner-768x433.png 768w, https:\/\/caefs.ca\/wp-content\/uploads\/2023\/01\/EFry-Week-2021-Facebook-Banner-1536x865.png 1536w, https:\/\/caefs.ca\/wp-content\/uploads\/2023\/01\/EFry-Week-2021-Facebook-Banner-1600x901.png 1600w, https:\/\/caefs.ca\/wp-content\/uploads\/2023\/01\/EFry-Week-2021-Facebook-Banner-400x225.png 400w, https:\/\/caefs.ca\/wp-content\/uploads\/2023\/01\/EFry-Week-2021-Facebook-Banner.png 1640w\" sizes=\"auto, (max-width: 1024px) 100vw, 1024px\" \/><\/figure>\n\n\n\n<div class=\"wp-block-media-text alignwide is-stacked-on-mobile\" style=\"grid-template-columns:36% auto\"><figure class=\"wp-block-media-text__media\"><img loading=\"lazy\" decoding=\"async\" width=\"526\" height=\"701\" src=\"https:\/\/caefs.ca\/wp-content\/uploads\/2022\/12\/EFryWeek2021-Yoriko.jpeg\" alt=\"\" class=\"wp-image-5718 size-full\" srcset=\"https:\/\/caefs.ca\/wp-content\/uploads\/2022\/12\/EFryWeek2021-Yoriko.jpeg 526w, https:\/\/caefs.ca\/wp-content\/uploads\/2022\/12\/EFryWeek2021-Yoriko-225x300.jpeg 225w, https:\/\/caefs.ca\/wp-content\/uploads\/2022\/12\/EFryWeek2021-Yoriko-400x533.jpeg 400w\" sizes=\"auto, (max-width: 526px) 100vw, 526px\" \/><\/figure><div class=\"wp-block-media-text__content\">\n<p>Notre organisation a toujours su qu\u2019il fallait se battre pour faire reconna\u00eetre les droits des personnes criminalis\u00e9es et marginalis\u00e9es. Lors de la pand\u00e9mie de COVID-19, toutefois, nous avons constat\u00e9 que ces droits pouvaient \u00eatre ignor\u00e9s ou minimis\u00e9s m\u00eame apr\u00e8s avoir \u00e9t\u00e9 obtenus. Il n\u2019est pas suffisant de faire inscrire les droits dans des lois.<\/p>\n\n\n\n<p>En 2021, nous nous sommes inspir\u00e9s de l\u2019h\u00e9ritage de la personne qui a donn\u00e9 son nom \u00e0 notre organisme, Elizabeth&nbsp;Fry, et de ses efforts pour faire reconna\u00eetre l\u2019humanit\u00e9 des personnes incarc\u00e9r\u00e9es; notre campagne de sensibilisation visait \u00e0 souligner le mot \u00ab&nbsp;humain&nbsp;\u00bb dans \u00ab&nbsp;droits humains&nbsp;\u00bb.<\/p>\n\n\n\n<p>Gr\u00e2ce \u00e0 une s\u00e9rie d\u2019entrevues vid\u00e9o (accessibles ci-dessous), nous avons soulign\u00e9 le travail r\u00e9alis\u00e9 par notre r\u00e9seau de d\u00e9fenseurs et d\u00e9fenseuses r\u00e9gionales des droits et par les 24&nbsp;Soci\u00e9t\u00e9s Elizabeth&nbsp;Fry locales pour prot\u00e9ger l\u2019humanit\u00e9 des personnes aux prises avec des structures et des syst\u00e8mes d\u00e9shumanisants. Nous avons aussi profit\u00e9 de ce moment pour r\u00e9p\u00e9ter nos nombreux appels \u00e0 l\u2019action visant \u00e0 prot\u00e9ger la s\u00e9curit\u00e9 des personnes incarc\u00e9r\u00e9es pendant la pand\u00e9mie de COVID-19.<\/p>\n<\/div><\/div>\n\n\n<div id=\"accordion-content-block_077145b35c50c65dcd096274de2ad282\" class=\"accordion-wrapper \">\n        <ul class=\"accordion\" data-accordion data-multi-expand=\"false\"  data-allow-all-closed=\"true\" data-accordion data-deep-link=\"true\" data-update-history=\"true\" data-deep-link-smudge=\"true\" data-deep-link-smudge-delay=\"500\">\n                    <li class=\"accordion-item\" data-accordion-item>\n                <a href=\"#block_077145b35c50c65dcd096274de2ad282-0\" class=\"accordion-title\">Communiqu\u00e9 de presse<\/a>\n                <div class=\"accordion-content\" data-tab-content id=\"block_077145b35c50c65dcd096274de2ad282-0\">\n                                         \n                                                <div class=\"files-block\"><div class=\"files\">\n                                                        <div class=\"file\">\n                                    <span class=\"title\">Mai 2021 : Lancement de la Semaine Elizabeth Fry 2021 : Droits de la personne en action<\/span>\n                                <span class=\"size\">(228kB, PDF)<\/span>\n                                <a class=\"cta\" href=\"https:\/\/caefs.ca\/wp-content\/uploads\/2021\/12\/2021-05-03-EFry-PR-Lancement-de-la-Semaine-Elizabeth-Fry-2021-Droits-de-la-personne-en-action.pdf\" title=\"Mai 2021 : Lancement de la Semaine Elizabeth Fry 2021 : Droits de la personne en action\" target=\"_blank\">\n                                    T\u00e9l\u00e9charger<i class=\"icon icon-download\"><\/i>\n                                <\/a>\n                            <\/div>\n                                                    <\/div><\/div>\n                                                            <\/div>\n            <\/li>\n                    <li class=\"accordion-item\" data-accordion-item>\n                <a href=\"#block_077145b35c50c65dcd096274de2ad282-1\" class=\"accordion-title\">Entrevues<\/a>\n                <div class=\"accordion-content\" data-tab-content id=\"block_077145b35c50c65dcd096274de2ad282-1\">\n                    <p><iframe loading=\"lazy\" title=\"Welcome to Elizabeth Fry Week 2021\" width=\"500\" height=\"281\" src=\"https:\/\/www.youtube.com\/embed\/1xddmE09CT4?feature=oembed\" frameborder=\"0\" allow=\"accelerometer; autoplay; clipboard-write; encrypted-media; gyroscope; picture-in-picture; web-share\" referrerpolicy=\"strict-origin-when-cross-origin\" allowfullscreen><\/iframe><\/p>\n<p><iframe loading=\"lazy\" title=\"Human Rights in Action: Access to Health Care\" width=\"500\" height=\"281\" src=\"https:\/\/www.youtube.com\/embed\/3jNamIXcI5k?start=10&#038;feature=oembed\" frameborder=\"0\" allow=\"accelerometer; autoplay; clipboard-write; encrypted-media; gyroscope; picture-in-picture; web-share\" referrerpolicy=\"strict-origin-when-cross-origin\" allowfullscreen><\/iframe><\/p>\n<p><iframe loading=\"lazy\" title=\"Human Rights in Action: Access to Housing (Elizabeth Fry Prince George &amp; District)\" width=\"500\" height=\"281\" src=\"https:\/\/www.youtube.com\/embed\/60_XCJnR9eQ?start=5&#038;feature=oembed\" frameborder=\"0\" allow=\"accelerometer; autoplay; clipboard-write; encrypted-media; gyroscope; picture-in-picture; web-share\" referrerpolicy=\"strict-origin-when-cross-origin\" allowfullscreen><\/iframe><\/p>\n<p><iframe loading=\"lazy\" title=\"Human Rights in Action: Access to Family and Community\" width=\"500\" height=\"281\" src=\"https:\/\/www.youtube.com\/embed\/q30Kg04RuKI?feature=oembed\" frameborder=\"0\" allow=\"accelerometer; autoplay; clipboard-write; encrypted-media; gyroscope; picture-in-picture; web-share\" referrerpolicy=\"strict-origin-when-cross-origin\" allowfullscreen><\/iframe><\/p>\n<p><iframe loading=\"lazy\" title=\"Human Rights in Action: Trans Rights\" width=\"500\" height=\"281\" src=\"https:\/\/www.youtube.com\/embed\/7v2o-2fnmO8?feature=oembed\" frameborder=\"0\" allow=\"accelerometer; autoplay; clipboard-write; encrypted-media; gyroscope; picture-in-picture; web-share\" referrerpolicy=\"strict-origin-when-cross-origin\" allowfullscreen><\/iframe><\/p>\n<p><iframe loading=\"lazy\" title=\"Human Rights in Action: The Right to Dignity\" width=\"500\" height=\"281\" src=\"https:\/\/www.youtube.com\/embed\/HQlr6UUkuo0?feature=oembed\" frameborder=\"0\" allow=\"accelerometer; autoplay; clipboard-write; encrypted-media; gyroscope; picture-in-picture; web-share\" referrerpolicy=\"strict-origin-when-cross-origin\" allowfullscreen><\/iframe><\/p>\n<p><iframe loading=\"lazy\" title=\"Human Rights in Action: Bodily Autonomy\" width=\"500\" height=\"281\" src=\"https:\/\/www.youtube.com\/embed\/TIE6pDroLrM?start=2&#038;feature=oembed\" frameborder=\"0\" allow=\"accelerometer; autoplay; clipboard-write; encrypted-media; gyroscope; picture-in-picture; web-share\" referrerpolicy=\"strict-origin-when-cross-origin\" allowfullscreen><\/iframe><\/p>\n<p><iframe loading=\"lazy\" title=\"Droits de la personne en action : travail, \u00e9ducation et logement\" width=\"500\" height=\"281\" src=\"https:\/\/www.youtube.com\/embed\/oc9-nz8htYA?start=1&#038;feature=oembed\" frameborder=\"0\" allow=\"accelerometer; autoplay; clipboard-write; encrypted-media; gyroscope; picture-in-picture; web-share\" referrerpolicy=\"strict-origin-when-cross-origin\" allowfullscreen><\/iframe><\/p>\n<p><iframe loading=\"lazy\" title=\"Human Rights in Action: Our Work\" width=\"500\" height=\"281\" src=\"https:\/\/www.youtube.com\/embed\/Pf1_LldUJB8?feature=oembed\" frameborder=\"0\" allow=\"accelerometer; autoplay; clipboard-write; encrypted-media; gyroscope; picture-in-picture; web-share\" referrerpolicy=\"strict-origin-when-cross-origin\" allowfullscreen><\/iframe><\/p>\n                                    <\/div>\n            <\/li>\n            <\/ul>\n<\/div>\n","protected":false},"excerpt":{"rendered":"<p>Notre organisation a toujours su qu\u2019il fallait se battre pour faire reconna\u00eetre les droits des personnes criminalis\u00e9es et marginalis\u00e9es. Lors de la pand\u00e9mie de COVID-19, toutefois, nous avons constat\u00e9 que [&hellip;]<\/p>\n","protected":false},"author":3,"featured_media":0,"menu_order":0,"template":"","zone":[107],"class_list":["post-5796","initiative","type-initiative","status-publish","hentry","zone-passe"],"acf":[],"aioseo_notices":[],"yoast_head":"<!-- This site is optimized with the Yoast SEO plugin v27.4 - https:\/\/yoast.com\/product\/yoast-seo-wordpress\/ -->\n<title>Semaine Elizabeth Fry\u00a0: Droits de la personne en action, mai 2021 - ACSEF<\/title>\n<meta name=\"robots\" content=\"index, follow, max-snippet:-1, max-image-preview:large, max-video-preview:-1\" \/>\n<link rel=\"canonical\" href=\"https:\/\/caefs.ca\/fr\/notre-travail\/elizabeth-fry-week-human-rights-in-action-may-2021\/\" \/>\n<meta property=\"og:locale\" content=\"fr_FR\" \/>\n<meta property=\"og:type\" content=\"article\" \/>\n<meta property=\"og:title\" content=\"Semaine Elizabeth Fry\u00a0: Droits de la personne en action, mai 2021 - ACSEF\" \/>\n<meta property=\"og:description\" content=\"Notre organisation a toujours su qu\u2019il fallait se battre pour faire reconna\u00eetre les droits des personnes criminalis\u00e9es et marginalis\u00e9es. Lors de la pand\u00e9mie de COVID-19, toutefois, nous avons constat\u00e9 que [&hellip;]\" \/>\n<meta property=\"og:url\" content=\"https:\/\/caefs.ca\/fr\/notre-travail\/elizabeth-fry-week-human-rights-in-action-may-2021\/\" \/>\n<meta property=\"og:site_name\" content=\"ACSEF\" \/>\n<meta property=\"article:modified_time\" content=\"2023-01-13T14:37:01+00:00\" \/>\n<meta property=\"og:image\" content=\"https:\/\/caefs.ca\/wp-content\/uploads\/2023\/01\/EFry-Week-2021-Facebook-Banner-1024x577.png\" \/>\n<meta name=\"twitter:card\" content=\"summary_large_image\" \/>\n<meta name=\"twitter:label1\" content=\"Dur\u00e9e de lecture estim\u00e9e\" \/>\n\t<meta name=\"twitter:data1\" content=\"2 minutes\" \/>\n<script type=\"application\/ld+json\" class=\"yoast-schema-graph\">{\"@context\":\"https:\\\/\\\/schema.org\",\"@graph\":[{\"@type\":\"WebPage\",\"@id\":\"https:\\\/\\\/caefs.ca\\\/fr\\\/notre-travail\\\/elizabeth-fry-week-human-rights-in-action-may-2021\\\/\",\"url\":\"https:\\\/\\\/caefs.ca\\\/fr\\\/notre-travail\\\/elizabeth-fry-week-human-rights-in-action-may-2021\\\/\",\"name\":\"Semaine Elizabeth Fry\u00a0: Droits de la personne en action, mai 2021 - ACSEF\",\"isPartOf\":{\"@id\":\"https:\\\/\\\/caefs.ca\\\/fr\\\/#website\"},\"primaryImageOfPage\":{\"@id\":\"https:\\\/\\\/caefs.ca\\\/fr\\\/notre-travail\\\/elizabeth-fry-week-human-rights-in-action-may-2021\\\/#primaryimage\"},\"image\":{\"@id\":\"https:\\\/\\\/caefs.ca\\\/fr\\\/notre-travail\\\/elizabeth-fry-week-human-rights-in-action-may-2021\\\/#primaryimage\"},\"thumbnailUrl\":\"https:\\\/\\\/caefs.ca\\\/wp-content\\\/uploads\\\/2023\\\/01\\\/EFry-Week-2021-Facebook-Banner-1024x577.png\",\"datePublished\":\"2021-05-01T21:03:24+00:00\",\"dateModified\":\"2023-01-13T14:37:01+00:00\",\"breadcrumb\":{\"@id\":\"https:\\\/\\\/caefs.ca\\\/fr\\\/notre-travail\\\/elizabeth-fry-week-human-rights-in-action-may-2021\\\/#breadcrumb\"},\"inLanguage\":\"fr-FR\",\"potentialAction\":[{\"@type\":\"ReadAction\",\"target\":[\"https:\\\/\\\/caefs.ca\\\/fr\\\/notre-travail\\\/elizabeth-fry-week-human-rights-in-action-may-2021\\\/\"]}]},{\"@type\":\"ImageObject\",\"inLanguage\":\"fr-FR\",\"@id\":\"https:\\\/\\\/caefs.ca\\\/fr\\\/notre-travail\\\/elizabeth-fry-week-human-rights-in-action-may-2021\\\/#primaryimage\",\"url\":\"https:\\\/\\\/caefs.ca\\\/wp-content\\\/uploads\\\/2023\\\/01\\\/EFry-Week-2021-Facebook-Banner-1024x577.png\",\"contentUrl\":\"https:\\\/\\\/caefs.ca\\\/wp-content\\\/uploads\\\/2023\\\/01\\\/EFry-Week-2021-Facebook-Banner-1024x577.png\"},{\"@type\":\"BreadcrumbList\",\"@id\":\"https:\\\/\\\/caefs.ca\\\/fr\\\/notre-travail\\\/elizabeth-fry-week-human-rights-in-action-may-2021\\\/#breadcrumb\",\"itemListElement\":[{\"@type\":\"ListItem\",\"position\":1,\"name\":\"Accueil\",\"item\":\"https:\\\/\\\/caefs.ca\\\/fr\\\/\"},{\"@type\":\"ListItem\",\"position\":2,\"name\":\"Semaine Elizabeth Fry\u00a0: Droits de la personne en action, mai 2021\"}]},{\"@type\":\"WebSite\",\"@id\":\"https:\\\/\\\/caefs.ca\\\/fr\\\/#website\",\"url\":\"https:\\\/\\\/caefs.ca\\\/fr\\\/\",\"name\":\"ACSEF\",\"description\":\"Just another WordPress site\",\"potentialAction\":[{\"@type\":\"SearchAction\",\"target\":{\"@type\":\"EntryPoint\",\"urlTemplate\":\"https:\\\/\\\/caefs.ca\\\/fr\\\/?s={search_term_string}\"},\"query-input\":{\"@type\":\"PropertyValueSpecification\",\"valueRequired\":true,\"valueName\":\"search_term_string\"}}],\"inLanguage\":\"fr-FR\"}]}<\/script>\n<!-- \/ Yoast SEO plugin. -->","yoast_head_json":{"title":"Semaine Elizabeth Fry\u00a0: Droits de la personne en action, mai 2021 - ACSEF","robots":{"index":"index","follow":"follow","max-snippet":"max-snippet:-1","max-image-preview":"max-image-preview:large","max-video-preview":"max-video-preview:-1"},"canonical":"https:\/\/caefs.ca\/fr\/notre-travail\/elizabeth-fry-week-human-rights-in-action-may-2021\/","og_locale":"fr_FR","og_type":"article","og_title":"Semaine Elizabeth Fry\u00a0: Droits de la personne en action, mai 2021 - ACSEF","og_description":"Notre organisation a toujours su qu\u2019il fallait se battre pour faire reconna\u00eetre les droits des personnes criminalis\u00e9es et marginalis\u00e9es. Lors de la pand\u00e9mie de COVID-19, toutefois, nous avons constat\u00e9 que [&hellip;]","og_url":"https:\/\/caefs.ca\/fr\/notre-travail\/elizabeth-fry-week-human-rights-in-action-may-2021\/","og_site_name":"ACSEF","article_modified_time":"2023-01-13T14:37:01+00:00","og_image":[{"url":"https:\/\/caefs.ca\/wp-content\/uploads\/2023\/01\/EFry-Week-2021-Facebook-Banner-1024x577.png","type":"","width":"","height":""}],"twitter_card":"summary_large_image","twitter_misc":{"Dur\u00e9e de lecture estim\u00e9e":"2 minutes"},"schema":{"@context":"https:\/\/schema.org","@graph":[{"@type":"WebPage","@id":"https:\/\/caefs.ca\/fr\/notre-travail\/elizabeth-fry-week-human-rights-in-action-may-2021\/","url":"https:\/\/caefs.ca\/fr\/notre-travail\/elizabeth-fry-week-human-rights-in-action-may-2021\/","name":"Semaine Elizabeth Fry\u00a0: Droits de la personne en action, mai 2021 - ACSEF","isPartOf":{"@id":"https:\/\/caefs.ca\/fr\/#website"},"primaryImageOfPage":{"@id":"https:\/\/caefs.ca\/fr\/notre-travail\/elizabeth-fry-week-human-rights-in-action-may-2021\/#primaryimage"},"image":{"@id":"https:\/\/caefs.ca\/fr\/notre-travail\/elizabeth-fry-week-human-rights-in-action-may-2021\/#primaryimage"},"thumbnailUrl":"https:\/\/caefs.ca\/wp-content\/uploads\/2023\/01\/EFry-Week-2021-Facebook-Banner-1024x577.png","datePublished":"2021-05-01T21:03:24+00:00","dateModified":"2023-01-13T14:37:01+00:00","breadcrumb":{"@id":"https:\/\/caefs.ca\/fr\/notre-travail\/elizabeth-fry-week-human-rights-in-action-may-2021\/#breadcrumb"},"inLanguage":"fr-FR","potentialAction":[{"@type":"ReadAction","target":["https:\/\/caefs.ca\/fr\/notre-travail\/elizabeth-fry-week-human-rights-in-action-may-2021\/"]}]},{"@type":"ImageObject","inLanguage":"fr-FR","@id":"https:\/\/caefs.ca\/fr\/notre-travail\/elizabeth-fry-week-human-rights-in-action-may-2021\/#primaryimage","url":"https:\/\/caefs.ca\/wp-content\/uploads\/2023\/01\/EFry-Week-2021-Facebook-Banner-1024x577.png","contentUrl":"https:\/\/caefs.ca\/wp-content\/uploads\/2023\/01\/EFry-Week-2021-Facebook-Banner-1024x577.png"},{"@type":"BreadcrumbList","@id":"https:\/\/caefs.ca\/fr\/notre-travail\/elizabeth-fry-week-human-rights-in-action-may-2021\/#breadcrumb","itemListElement":[{"@type":"ListItem","position":1,"name":"Accueil","item":"https:\/\/caefs.ca\/fr\/"},{"@type":"ListItem","position":2,"name":"Semaine Elizabeth Fry\u00a0: Droits de la personne en action, mai 2021"}]},{"@type":"WebSite","@id":"https:\/\/caefs.ca\/fr\/#website","url":"https:\/\/caefs.ca\/fr\/","name":"ACSEF","description":"Just another WordPress site","potentialAction":[{"@type":"SearchAction","target":{"@type":"EntryPoint","urlTemplate":"https:\/\/caefs.ca\/fr\/?s={search_term_string}"},"query-input":{"@type":"PropertyValueSpecification","valueRequired":true,"valueName":"search_term_string"}}],"inLanguage":"fr-FR"}]}},"_links":{"self":[{"href":"https:\/\/caefs.ca\/fr\/wp-json\/wp\/v2\/initiative\/5796","targetHints":{"allow":["GET"]}}],"collection":[{"href":"https:\/\/caefs.ca\/fr\/wp-json\/wp\/v2\/initiative"}],"about":[{"href":"https:\/\/caefs.ca\/fr\/wp-json\/wp\/v2\/types\/initiative"}],"author":[{"embeddable":true,"href":"https:\/\/caefs.ca\/fr\/wp-json\/wp\/v2\/users\/3"}],"wp:attachment":[{"href":"https:\/\/caefs.ca\/fr\/wp-json\/wp\/v2\/media?parent=5796"}],"wp:term":[{"taxonomy":"zone","embeddable":true,"href":"https:\/\/caefs.ca\/fr\/wp-json\/wp\/v2\/zone?post=5796"}],"curies":[{"name":"wp","href":"https:\/\/api.w.org\/{rel}","templated":true}]}}