{"id":5809,"date":"2020-08-14T16:37:13","date_gmt":"2020-08-14T20:37:13","guid":{"rendered":"https:\/\/caefs.ca\/our-work\/prisoner-justice-day-august-2020\/"},"modified":"2023-01-13T09:37:27","modified_gmt":"2023-01-13T14:37:27","slug":"prisoner-justice-day-august-2020","status":"publish","type":"initiative","link":"https:\/\/caefs.ca\/fr\/notre-travail\/prisoner-justice-day-august-2020\/","title":{"rendered":"Journ\u00e9e de la justice pour les prisonnier(-i\u00e8re)s, ao\u00fbt\u00a02020"},"content":{"rendered":"\n<div class=\"wp-block-media-text alignwide is-stacked-on-mobile\"><figure class=\"wp-block-media-text__media\"><img loading=\"lazy\" decoding=\"async\" width=\"1024\" height=\"1024\" src=\"https:\/\/caefs.ca\/wp-content\/uploads\/2022\/12\/1-2-1024x1024.png\" alt=\"\" class=\"wp-image-5713 size-full\" srcset=\"https:\/\/caefs.ca\/wp-content\/uploads\/2022\/12\/1-2-1024x1024.png 1024w, https:\/\/caefs.ca\/wp-content\/uploads\/2022\/12\/1-2-300x300.png 300w, https:\/\/caefs.ca\/wp-content\/uploads\/2022\/12\/1-2-150x150.png 150w, https:\/\/caefs.ca\/wp-content\/uploads\/2022\/12\/1-2-768x768.png 768w, https:\/\/caefs.ca\/wp-content\/uploads\/2022\/12\/1-2-400x400.png 400w, https:\/\/caefs.ca\/wp-content\/uploads\/2022\/12\/1-2.png 1080w\" sizes=\"auto, (max-width: 1024px) 100vw, 1024px\" \/><\/figure><div class=\"wp-block-media-text__content\">\n<p>Le 10\u00a0ao\u00fbt\u00a02020, l\u2019ACSEF a organis\u00e9 en collaboration avec le \u00ab\u00a0P4W Memorial Collective\u00a0\u00bb une projection de film et une table ronde avec des femmes ayant des ant\u00e9c\u00e9dents d\u2019incarc\u00e9ration.<\/p>\n\n\n\n<p>Le film <em>The Garden\u00a0Collective<\/em> (Sarah Wylie) suit le collectif alors qu\u2019il tente d\u2019am\u00e9nager un jardin comm\u00e9moratif sur le site de l\u2019ancien p\u00e9nitencier\u00a0P4W \u00e0 Kingston, en Ontario. La table ronde r\u00e9unissait Sarah\u00a0Tessier, Rashida Samji et Ann\u00a0Hansen, qui ont parl\u00e9 de leur point de vue sur la Journ\u00e9e de la justice pour les prisonnier(-i\u00e8re)s. L\u2019ACSEF \u00e9tait parmi les nombreux organismes, collectifs et individus \u00e0 organiser des \u00e9v\u00e9nements et des vigiles en reconnaissance de la Journ\u00e9e de la justice pour les prisonnier(-i\u00e8re)s.<\/p>\n<\/div><\/div>\n\n\n<div id=\"files-block-block_7a6565ffdfe376b8d0d033fe862cbdbd\" class=\"files-block \">\n                <div class=\"files\">\n                            <div class=\"file\">\n                    <span class=\"title\">Communiqu\u00e9 de presse (anglais seulement)<\/span>\n                    <span class=\"size\">(124kB, PDF)<\/span>\n                    <a class=\"cta\" href=\"https:\/\/caefs.ca\/wp-content\/uploads\/2021\/12\/2020-08-10-CCHR-PS-Prisoners-Justice-Day-2020.pdf\" title=\"Communiqu\u00e9 de presse (anglais seulement)\" target=\"_blank\">\n                        T\u00e9l\u00e9charger<i class=\"icon icon-download\"><\/i>\n                    <\/a>\n                <\/div>\n                    <\/div>\n    <\/div>\n","protected":false},"excerpt":{"rendered":"<p>Le 10\u00a0ao\u00fbt\u00a02020, l\u2019ACSEF a organis\u00e9 en collaboration avec le \u00ab\u00a0P4W Memorial Collective\u00a0\u00bb une projection de film et une table ronde avec des femmes ayant des ant\u00e9c\u00e9dents d\u2019incarc\u00e9ration. Le film The [&hellip;]<\/p>\n","protected":false},"author":3,"featured_media":0,"menu_order":0,"template":"","zone":[107],"class_list":["post-5809","initiative","type-initiative","status-publish","hentry","zone-passe"],"acf":[],"aioseo_notices":[],"yoast_head":"<!-- This site is optimized with the Yoast SEO plugin v27.4 - https:\/\/yoast.com\/product\/yoast-seo-wordpress\/ -->\n<title>Journ\u00e9e de la justice pour les prisonnier(-i\u00e8re)s, ao\u00fbt\u00a02020 - ACSEF<\/title>\n<meta name=\"robots\" content=\"index, follow, max-snippet:-1, max-image-preview:large, max-video-preview:-1\" \/>\n<link rel=\"canonical\" href=\"https:\/\/caefs.ca\/fr\/notre-travail\/prisoner-justice-day-august-2020\/\" \/>\n<meta property=\"og:locale\" content=\"fr_FR\" \/>\n<meta property=\"og:type\" content=\"article\" \/>\n<meta property=\"og:title\" content=\"Journ\u00e9e de la justice pour les prisonnier(-i\u00e8re)s, ao\u00fbt\u00a02020 - ACSEF\" \/>\n<meta property=\"og:description\" content=\"Le 10\u00a0ao\u00fbt\u00a02020, l\u2019ACSEF a organis\u00e9 en collaboration avec le \u00ab\u00a0P4W Memorial Collective\u00a0\u00bb une projection de film et une table ronde avec des femmes ayant des ant\u00e9c\u00e9dents d\u2019incarc\u00e9ration. Le film The [&hellip;]\" \/>\n<meta property=\"og:url\" content=\"https:\/\/caefs.ca\/fr\/notre-travail\/prisoner-justice-day-august-2020\/\" \/>\n<meta property=\"og:site_name\" content=\"ACSEF\" \/>\n<meta property=\"article:modified_time\" content=\"2023-01-13T14:37:27+00:00\" \/>\n<meta property=\"og:image\" content=\"https:\/\/caefs.ca\/wp-content\/uploads\/2022\/12\/1-2-1024x1024.png\" \/>\n<meta name=\"twitter:card\" content=\"summary_large_image\" \/>\n<meta name=\"twitter:label1\" content=\"Dur\u00e9e de lecture estim\u00e9e\" \/>\n\t<meta name=\"twitter:data1\" content=\"1 minute\" \/>\n<script type=\"application\/ld+json\" class=\"yoast-schema-graph\">{\"@context\":\"https:\\\/\\\/schema.org\",\"@graph\":[{\"@type\":\"WebPage\",\"@id\":\"https:\\\/\\\/caefs.ca\\\/fr\\\/notre-travail\\\/prisoner-justice-day-august-2020\\\/\",\"url\":\"https:\\\/\\\/caefs.ca\\\/fr\\\/notre-travail\\\/prisoner-justice-day-august-2020\\\/\",\"name\":\"Journ\u00e9e de la justice pour les prisonnier(-i\u00e8re)s, ao\u00fbt\u00a02020 - ACSEF\",\"isPartOf\":{\"@id\":\"https:\\\/\\\/caefs.ca\\\/fr\\\/#website\"},\"primaryImageOfPage\":{\"@id\":\"https:\\\/\\\/caefs.ca\\\/fr\\\/notre-travail\\\/prisoner-justice-day-august-2020\\\/#primaryimage\"},\"image\":{\"@id\":\"https:\\\/\\\/caefs.ca\\\/fr\\\/notre-travail\\\/prisoner-justice-day-august-2020\\\/#primaryimage\"},\"thumbnailUrl\":\"https:\\\/\\\/caefs.ca\\\/wp-content\\\/uploads\\\/2022\\\/12\\\/1-2-1024x1024.png\",\"datePublished\":\"2020-08-14T20:37:13+00:00\",\"dateModified\":\"2023-01-13T14:37:27+00:00\",\"breadcrumb\":{\"@id\":\"https:\\\/\\\/caefs.ca\\\/fr\\\/notre-travail\\\/prisoner-justice-day-august-2020\\\/#breadcrumb\"},\"inLanguage\":\"fr-FR\",\"potentialAction\":[{\"@type\":\"ReadAction\",\"target\":[\"https:\\\/\\\/caefs.ca\\\/fr\\\/notre-travail\\\/prisoner-justice-day-august-2020\\\/\"]}]},{\"@type\":\"ImageObject\",\"inLanguage\":\"fr-FR\",\"@id\":\"https:\\\/\\\/caefs.ca\\\/fr\\\/notre-travail\\\/prisoner-justice-day-august-2020\\\/#primaryimage\",\"url\":\"https:\\\/\\\/caefs.ca\\\/wp-content\\\/uploads\\\/2022\\\/12\\\/1-2-1024x1024.png\",\"contentUrl\":\"https:\\\/\\\/caefs.ca\\\/wp-content\\\/uploads\\\/2022\\\/12\\\/1-2-1024x1024.png\"},{\"@type\":\"BreadcrumbList\",\"@id\":\"https:\\\/\\\/caefs.ca\\\/fr\\\/notre-travail\\\/prisoner-justice-day-august-2020\\\/#breadcrumb\",\"itemListElement\":[{\"@type\":\"ListItem\",\"position\":1,\"name\":\"Accueil\",\"item\":\"https:\\\/\\\/caefs.ca\\\/fr\\\/\"},{\"@type\":\"ListItem\",\"position\":2,\"name\":\"Journ\u00e9e de la justice pour les prisonnier(-i\u00e8re)s, ao\u00fbt\u00a02020\"}]},{\"@type\":\"WebSite\",\"@id\":\"https:\\\/\\\/caefs.ca\\\/fr\\\/#website\",\"url\":\"https:\\\/\\\/caefs.ca\\\/fr\\\/\",\"name\":\"ACSEF\",\"description\":\"Just another WordPress site\",\"potentialAction\":[{\"@type\":\"SearchAction\",\"target\":{\"@type\":\"EntryPoint\",\"urlTemplate\":\"https:\\\/\\\/caefs.ca\\\/fr\\\/?s={search_term_string}\"},\"query-input\":{\"@type\":\"PropertyValueSpecification\",\"valueRequired\":true,\"valueName\":\"search_term_string\"}}],\"inLanguage\":\"fr-FR\"}]}<\/script>\n<!-- \/ Yoast SEO plugin. -->","yoast_head_json":{"title":"Journ\u00e9e de la justice pour les prisonnier(-i\u00e8re)s, ao\u00fbt\u00a02020 - ACSEF","robots":{"index":"index","follow":"follow","max-snippet":"max-snippet:-1","max-image-preview":"max-image-preview:large","max-video-preview":"max-video-preview:-1"},"canonical":"https:\/\/caefs.ca\/fr\/notre-travail\/prisoner-justice-day-august-2020\/","og_locale":"fr_FR","og_type":"article","og_title":"Journ\u00e9e de la justice pour les prisonnier(-i\u00e8re)s, ao\u00fbt\u00a02020 - ACSEF","og_description":"Le 10\u00a0ao\u00fbt\u00a02020, l\u2019ACSEF a organis\u00e9 en collaboration avec le \u00ab\u00a0P4W Memorial Collective\u00a0\u00bb une projection de film et une table ronde avec des femmes ayant des ant\u00e9c\u00e9dents d\u2019incarc\u00e9ration. Le film The [&hellip;]","og_url":"https:\/\/caefs.ca\/fr\/notre-travail\/prisoner-justice-day-august-2020\/","og_site_name":"ACSEF","article_modified_time":"2023-01-13T14:37:27+00:00","og_image":[{"url":"https:\/\/caefs.ca\/wp-content\/uploads\/2022\/12\/1-2-1024x1024.png","type":"","width":"","height":""}],"twitter_card":"summary_large_image","twitter_misc":{"Dur\u00e9e de lecture estim\u00e9e":"1 minute"},"schema":{"@context":"https:\/\/schema.org","@graph":[{"@type":"WebPage","@id":"https:\/\/caefs.ca\/fr\/notre-travail\/prisoner-justice-day-august-2020\/","url":"https:\/\/caefs.ca\/fr\/notre-travail\/prisoner-justice-day-august-2020\/","name":"Journ\u00e9e de la justice pour les prisonnier(-i\u00e8re)s, ao\u00fbt\u00a02020 - ACSEF","isPartOf":{"@id":"https:\/\/caefs.ca\/fr\/#website"},"primaryImageOfPage":{"@id":"https:\/\/caefs.ca\/fr\/notre-travail\/prisoner-justice-day-august-2020\/#primaryimage"},"image":{"@id":"https:\/\/caefs.ca\/fr\/notre-travail\/prisoner-justice-day-august-2020\/#primaryimage"},"thumbnailUrl":"https:\/\/caefs.ca\/wp-content\/uploads\/2022\/12\/1-2-1024x1024.png","datePublished":"2020-08-14T20:37:13+00:00","dateModified":"2023-01-13T14:37:27+00:00","breadcrumb":{"@id":"https:\/\/caefs.ca\/fr\/notre-travail\/prisoner-justice-day-august-2020\/#breadcrumb"},"inLanguage":"fr-FR","potentialAction":[{"@type":"ReadAction","target":["https:\/\/caefs.ca\/fr\/notre-travail\/prisoner-justice-day-august-2020\/"]}]},{"@type":"ImageObject","inLanguage":"fr-FR","@id":"https:\/\/caefs.ca\/fr\/notre-travail\/prisoner-justice-day-august-2020\/#primaryimage","url":"https:\/\/caefs.ca\/wp-content\/uploads\/2022\/12\/1-2-1024x1024.png","contentUrl":"https:\/\/caefs.ca\/wp-content\/uploads\/2022\/12\/1-2-1024x1024.png"},{"@type":"BreadcrumbList","@id":"https:\/\/caefs.ca\/fr\/notre-travail\/prisoner-justice-day-august-2020\/#breadcrumb","itemListElement":[{"@type":"ListItem","position":1,"name":"Accueil","item":"https:\/\/caefs.ca\/fr\/"},{"@type":"ListItem","position":2,"name":"Journ\u00e9e de la justice pour les prisonnier(-i\u00e8re)s, ao\u00fbt\u00a02020"}]},{"@type":"WebSite","@id":"https:\/\/caefs.ca\/fr\/#website","url":"https:\/\/caefs.ca\/fr\/","name":"ACSEF","description":"Just another WordPress site","potentialAction":[{"@type":"SearchAction","target":{"@type":"EntryPoint","urlTemplate":"https:\/\/caefs.ca\/fr\/?s={search_term_string}"},"query-input":{"@type":"PropertyValueSpecification","valueRequired":true,"valueName":"search_term_string"}}],"inLanguage":"fr-FR"}]}},"_links":{"self":[{"href":"https:\/\/caefs.ca\/fr\/wp-json\/wp\/v2\/initiative\/5809","targetHints":{"allow":["GET"]}}],"collection":[{"href":"https:\/\/caefs.ca\/fr\/wp-json\/wp\/v2\/initiative"}],"about":[{"href":"https:\/\/caefs.ca\/fr\/wp-json\/wp\/v2\/types\/initiative"}],"author":[{"embeddable":true,"href":"https:\/\/caefs.ca\/fr\/wp-json\/wp\/v2\/users\/3"}],"wp:attachment":[{"href":"https:\/\/caefs.ca\/fr\/wp-json\/wp\/v2\/media?parent=5809"}],"wp:term":[{"taxonomy":"zone","embeddable":true,"href":"https:\/\/caefs.ca\/fr\/wp-json\/wp\/v2\/zone?post=5809"}],"curies":[{"name":"wp","href":"https:\/\/api.w.org\/{rel}","templated":true}]}}