{"id":5787,"date":"2023-01-05T14:09:02","date_gmt":"2023-01-05T19:09:02","guid":{"rendered":"https:\/\/caefs.ca\/?page_id=5787"},"modified":"2026-04-15T09:34:28","modified_gmt":"2026-04-15T13:34:28","slug":"defense-des-droits-dans-les-penitenciers-dits-pour-femmes","status":"publish","type":"page","link":"https:\/\/caefs.ca\/fr\/defense-des-droits-dans-les-penitenciers-dits-pour-femmes\/","title":{"rendered":"D\u00e9fense des droits des personnes incarc\u00e9r\u00e9es dans les \u00e9tablissements p\u00e9nitentiaires f\u00e9d\u00e9raux r\u00e9serv\u00e9s aux femmes et conditions de d\u00e9tention"},"content":{"rendered":"\n<div style=\"height:50px\" aria-hidden=\"true\" class=\"wp-block-spacer\"><\/div>\n\n\n<div data-magellan-target=\"custom-heading-block_eb946c2329084b9bc44530330cc93acd\" id=\"custom-heading-block_eb946c2329084b9bc44530330cc93acd\" class=\"custom-heading with-border \">\n    <div class=\"row\">\n        <div class=\"medium-12 column\">\n                <h1>D\u00e9fense des droits des personnes incarc\u00e9r\u00e9es dans les \u00e9tablissements p\u00e9nitentiaires f\u00e9d\u00e9raux r\u00e9serv\u00e9s aux femmes et conditions de d\u00e9tention<\/h1>\n        <\/div>\n    <\/div>\n<\/div>\n\n\n\n<div style=\"height:50px\" aria-hidden=\"true\" class=\"wp-block-spacer\"><\/div>\n\n\n\n<h2 class=\"wp-block-heading\"><strong>Notre Programmes R\u00e9gionales de D\u00e9fense des Droits&nbsp;<\/strong><\/h2>\n\n\n\n<p>L\u2019Association Canadienne des Soci\u00e9t\u00e9s Elizabeth Fry (ACSEF) travaille pour am\u00e9liorer l\u2019acc\u00e8s \u00e0 la justice et \u00e0 surveiller les conditions de d\u00e9tention des femmes et des personnes de diverses identit\u00e9s de genres purgeant une peine f\u00e9d\u00e9rale au Canada.&nbsp;&nbsp;<\/p>\n\n\n\n<div style=\"height:50px\" aria-hidden=\"true\" class=\"wp-block-spacer\"><\/div>\n\n\n\n<div class=\"wp-block-buttons is-layout-flex wp-block-buttons-is-layout-flex\">\n<div class=\"wp-block-button\"><a class=\"wp-block-button__link wp-element-button\">Rapport Annuelle 2024-2025<\/a><\/div>\n\n\n\n<div class=\"wp-block-button\"><a class=\"wp-block-button__link wp-element-button\" href=\"https:\/\/caefs.ca\/fr\/travaillez-avec-nous\/\">Travailler avec nous<\/a><\/div>\n\n\n\n<div class=\"wp-block-button\"><a class=\"wp-block-button__link wp-element-button\" href=\"https:\/\/caefs.ca\/fr\/donate\/\">Faire un don<\/a><\/div>\n<\/div>\n\n\n\n<div style=\"height:50px\" aria-hidden=\"true\" class=\"wp-block-spacer\"><\/div>\n\n\n\n<h2 class=\"wp-block-heading\"><strong>\u00c0 propos du programme<\/strong><\/h2>\n\n\n\n<p><\/p>\n\n\n\n<h3 class=\"wp-block-heading\">Qu\u2019est ce que le programme r\u00e9gional de d\u00e9fense des droits?<\/h3>\n\n\n\n<p>Le programme de d\u00e9fense r\u00e9gionale de l\u2019ACSEF vise \u00e0 aider et encourager les personnes dans le d\u00e9veloppement des connaissances, des outils et des ressources li\u00e9s \u00e0 leurs droits juridiques et humains en tant que personnes purgeant une peine au niveau f\u00e9d\u00e9ral. Nous travaillons en collaboration et d\u00e9fendons les int\u00e9r\u00eats des femmes et des personnes de diverses identit\u00e9s de genre, alors qu\u2019ils naviguent les syst\u00e8mes juridiques et administratifs complexes qui fa\u00e7onnent leur quotidien. Nous surveillons \u00e9galement les conditions de d\u00e9tention dans les \u00e9tablissements p\u00e9nitentiaires f\u00e9d\u00e9raux, documentons les enjeux syst\u00e9miques et utilisons ces informations pour promouvoir la responsabilisation ainsi que des changements significatifs et durables.<\/p>\n\n\n\n<p style=\"font-size: 1rem; line-height: 1.5; font-style: italic; border-left: 3px solid #ccc; padding-left: 1em; margin: 1.5em 0;\">\n  \u00ab Le syst\u00e8me a fait en sorte que beaucoup d\u2019entre nous se sentent moins qu\u2019humains, comme des personnes jetables. Les questions li\u00e9es \u00e0 la s\u00e9curit\u00e9, \u00e0 la salubrit\u00e9, \u00e0 la sant\u00e9 mentale et m\u00eame aux droits humains fondamentaux \u00e9taient souvent n\u00e9glig\u00e9es ou ignor\u00e9es. Dans cet environnement, l\u2019ACSEF s\u2019est d\u00e9marqu\u00e9e comme une source rare et constante de soutien. Ils se sont pr\u00e9sent\u00e9s alors que nous avions l\u2019impression que personne d\u2019autre ne viendrait. \u00bb (traduit de l&rsquo;anglais)\n  <br><span style=\"display:block; margin-top:0.7em; margin-bottom:0; font-style: normal; font-weight: 600;\">\n    \u2014 Ancien d\u00e9fenseur des pairs et b\u00e9n\u00e9vole r\u00e9gional actuel\n <\/span>\n<\/p>\n\n\n\n<div style=\"height:50px\" aria-hidden=\"true\" class=\"wp-block-spacer\"><\/div>\n\n\n\n<h2 class=\"wp-block-heading\"><strong>Notre mode de fonctionnement<\/strong><\/h2>\n\n\n\n<h3 class=\"wp-block-heading\">Notre approche<\/h3>\n\n\n\n<p>Le CAEFS g\u00e8re quatre \u00e9quipes r\u00e9gionales de d\u00e9fense des droits &#8211; Pacifique, Prairies, Ontario et Atlantique &#8211; et collabore \u00e9troitement avec des d\u00e9fenseurs des droits travaillant au Qu\u00e9bec. Nos \u00e9quipes se rendent dans les \u00e9tablissements p\u00e9nitentiaires f\u00e9d\u00e9raux r\u00e9serv\u00e9s aux femmes, offrent un soutien en ligne et par t\u00e9l\u00e9phone, et m\u00e8nent des actions de plaidoyer syst\u00e9mique.<\/p>\n\n\n\n<p>Nos \u00e9quipes sont compos\u00e9es de membres du personnel de la CAEFS, de d\u00e9fenseurs des pairs<strong><em>&nbsp;<\/em><\/strong>et de b\u00e9n\u00e9voles, notamment du personnel des Soci\u00e9t\u00e9s Elizabeth Fry locales, d\u2019anciens d\u00e9fenseurs des pairs et d\u2019autres membres d\u00e9vou\u00e9s de la communaut\u00e9 issus de divers horizons et disciplines.&nbsp;<\/p>\n\n\n\n<p style=\"font-size: 1rem; line-height: 1.5; font-style: italic; border-left: 3px solid #ccc; padding-left: 1em; margin: 1.5em 0;\">\n  \u00ab L\u2019ACSEF travaille selon un mod\u00e8le d\u2019autonomisation fond\u00e9 sur la culture juridique, l\u2019\u00e9ducation aux droits et la responsabilisation. [L\u2019ACSEF] aide les personnes en d\u00e9tention \u00e0 comprendre les politiques, \u00e0 faire valoir leurs droits et \u00e0 contester les injustices institutionnelles. Gr\u00e2ce \u00e0 leurs conseils, mon partenaire a r\u00e9ussi \u00e0 r\u00e9diger des griefs et \u00e0 naviguer la politique correctionnelle f\u00e9d\u00e9rale de mani\u00e8re \u00e0 prot\u00e9ger ses droits humains et \u00e0 soutenir ses efforts pour demander des comptes au syst\u00e8me [\u2026] ce qui lui a permis de se d\u00e9fendre d\u2019une mani\u00e8re qui n\u2019aurait pas \u00e9t\u00e9 possible sans ce soutien. Ce travail redonne de mani\u00e8re significative le pouvoir \u00e0 ceux qui sont les plus directement touch\u00e9s par l\u2019incarc\u00e9ration. \u00bb (traduit de l\u2019anglais)\n  <br>\n  <span style=\"display:block; margin-top:0.7em; font-style: normal; font-weight: 600;\">\n    \u2014 Conjoint d\u2019une personne incarc\u00e9r\u00e9e \u00e0 l\u2019\u00e9tablissement pour femmes Grand Valley\n  <\/span>\n<\/p>\n\n\n\n<div style=\"height:50px\" aria-hidden=\"true\" class=\"wp-block-spacer\"><\/div>\n\n\n\n<h2 class=\"wp-block-heading\"><strong>Activit\u00e9s principales<\/strong><\/h2>\n\n\n\n<div style=\"height:22px\" aria-hidden=\"true\" class=\"wp-block-spacer\"><\/div>\n\n\n\n<h4 class=\"wp-block-heading\">Visite de d\u00e9fense des droits<\/h4>\n\n\n\n<p>Nous effectuons des visites mensuelles \u00e0 l&rsquo;\u00e9tablissement de vall\u00e9e du Fraser, \u00e0 l&rsquo;\u00e9tablissement d&rsquo;Edmonton pour femmes, \u00e0 l&rsquo;\u00e9tablissement pour femmes de Grand Valley et \u00e0 l&rsquo;\u00e9tablissement Nova pour femmes, et nous apportons un soutien virtuel aux personnes incarc\u00e9r\u00e9es \u00e0 l&rsquo;Okimaw Ohci Healing Lodge.<\/p>\n\n\n\n<h4 class=\"wp-block-heading\">Ligne t\u00e9l\u00e9phonique nationale de soutien<\/h4>\n\n\n\n<p>Nous g\u00e9rons une ligne t\u00e9l\u00e9phonique gratuite, offrant aux personnes incarc\u00e9r\u00e9es un moyen simple de contacter des d\u00e9fenseurs de leurs droits.<\/p>\n\n\n\n<h4 class=\"wp-block-heading\">D\u00e9fense des droits par les pairs<\/h4>\n\n\n\n<p>Nous organisons des formations une ou deux fois par an au sein des prisons f\u00e9d\u00e9rales r\u00e9serv\u00e9es aux femmes afin de donner aux participantes les outils et les ressources n\u00e9cessaires pour d\u00e9fendre leurs propres droits ainsi que leurs pairs.<\/p>\n\n\n\n<p>Cette formation de plusieurs jours est une condition pr\u00e9alable \u00e0 l\u2019embauche au poste de d\u00e9fenseure des droits par les pairs, un poste reconnu par le Service correctionnel du Canada. Les d\u00e9fenseurs des droits par les pairs font partie de nos \u00e9quipes r\u00e9gionales de d\u00e9fense des droits et apportent un soutien sur le terrain aux autres personnes incarc\u00e9r\u00e9es.<\/p>\n\n\n\n<p style=\"font-size: 1rem; line-height: 1.5; font-style: italic; border-left: 3px solid #ccc; padding-left: 1em; margin: 1.5em 0;\">\n  \u00ab Je trouve que vous avez organis\u00e9 une formation tr\u00e8s approfondie et inclusive, et je tiens \u00e0 vous en remercier. J\u2019en suis ressortie avec beaucoup plus de connaissances qui me permettront de d\u00e9fendre mes droits et ceux des femmes incarc\u00e9r\u00e9es ici. \u00bb (traduit de l\u2019anglais)\n  <br>\n  <span style=\"display:block; margin-top:0.7em; font-style: normal; font-weight: 600;\">\n    \u2014 Participante \u00e0 la formation de d\u00e9fense par les pairs  \n  <\/span>\n<\/p>\n\n\n\n<h4 class=\"wp-block-heading\">Rencontres avec les \u00e9quipes de gestion des \u00e9tablissements<\/h4>\n\n\n\n<p>Nous rencontrons r\u00e9guli\u00e8rement les \u00e9quipes de gestion des \u00e9tablissements p\u00e9nitentiaires r\u00e9serv\u00e9s aux femmes pour discuter des probl\u00e8mes syst\u00e9miques et travailler envers des solutions durables.<\/p>\n\n\n\n<h4 class=\"wp-block-heading\">Lettres mensuelles de plaidoyer<\/h4>\n\n\n\n<p>Nous r\u00e9digeons des lettres qui r\u00e9sument les probl\u00e8mes syst\u00e9miques signal\u00e9s, les recommandations formul\u00e9es et les r\u00e9ponses du SCC. Ces lettres sont accessibles au public et sont envoy\u00e9es aux principales parties prenantes. Vous pouvez consulter nos lettres mensuelles de plaidoyer dans la rubrique \u00ab Ressources \u00bb.<\/p>\n\n\n\n<p style=\"font-size: 1rem; line-height: 1.5; font-style: italic; border-left: 3px solid #ccc; padding-left: 1em; margin: 1em 0 0.25em;\">\n  \u00ab J\u2019ai souvent \u00e9t\u00e9 surprise et d\u00e9\u00e7ue de constater le d\u00e9calage entre le cadre juridique et politique r\u00e9gissant les \u00e9tablissements f\u00e9d\u00e9raux destin\u00e9s aux femmes et ce qui s\u2019y passe r\u00e9ellement. Ce d\u00e9calage explique \u00e0 mes yeux pourquoi l\u2019approche de plaidoyer adopt\u00e9e par l&rsquo;ASCEF est si importante. Non seulement l&rsquo;ASCEF aide les personnes incarc\u00e9r\u00e9es au niveau f\u00e9d\u00e9ral \u00e0 mieux comprendre et utiliser les cadres existants, mais il exhorte \u00e9galement ceux qui travaillent au sein du syst\u00e8me \u00e0 s\u2019y conformer. Cette approche est mise en avant dans les lettres de plaidoyer de l&rsquo;ASCEF, qui soulignent les probl\u00e8mes syst\u00e9miques que l&rsquo;ASCEF soul\u00e8ve aupr\u00e8s de la direction des \u00e9tablissements : l&rsquo;ASCEF lie toutes ses recommandations \u00e0 la direction \u00e0 des aspects sp\u00e9cifiques du cadre juridique et politique. En tant qu\u2019avocate, je pense que cette approche est \u00e0 la fois logique et efficace. \u00bb (traduit de l\u2019anglais)\n  <span style=\"display:block; margin-top:0.5em; font-style: normal; font-weight: 600;\">\n    \u2014 D\u00e9fenseur r\u00e9gional b\u00e9n\u00e9vole, Ontario \n  <\/span>\n<\/p>\n\n\n\n<div style=\"height:40px\" aria-hidden=\"true\" class=\"wp-block-spacer\"><\/div>\n\n\n\n<h2 class=\"wp-block-heading\"><strong>Guides<\/strong><\/h2>\n\n\n\n<p>Nous \u00e9laborons des guides destin\u00e9s \u00e0 aider les personnes condamn\u00e9es par les tribunaux f\u00e9d\u00e9raux \u00e0 mieux comprendre leurs droits pendant leur incarc\u00e9ration et leur libert\u00e9 conditionnelle, et qui leur fournissent des conseils pour d\u00e9fendre elles-m\u00eames leurs int\u00e9r\u00eats.<\/p>\n\n\n\n<div class=\"wp-block-buttons is-layout-flex wp-block-buttons-is-layout-flex\">\n<div class=\"wp-block-button\"><a class=\"wp-block-button__link wp-element-button\" href=\"https:\/\/caefs.ca\/wp-content\/uploads\/2026\/03\/Community-in-Action-Final-Edit-July-30_FR.pdf\">La Communaut\u00e9 en Action<\/a><\/div>\n\n\n\n<div class=\"wp-block-button\"><a class=\"wp-block-button__link wp-element-button\" href=\"https:\/\/caefs.ca\/wp-content\/uploads\/2026\/03\/HRIA_2021_WEB_French_FINAL-2.pdf\">Droit de la Personne en Action: En Prison<\/a><\/div>\n\n\n\n<div class=\"wp-block-button is-style-fill\"><a class=\"wp-block-button__link wp-element-button\" href=\"https:\/\/caefs.ca\/wp-content\/uploads\/2026\/03\/FR-Peer-Advocacy-Training-Manual-November-2024-1.pdf\">Manuel de la Formation \u00e0 La D\u00e9fense des Droits<\/a><\/div>\n<\/div>\n\n\n\n<div style=\"height:50px\" aria-hidden=\"true\" class=\"wp-block-spacer\"><\/div>\n\n\n\n<h2 class=\"wp-block-heading\"><strong>Ressources<\/strong><\/h2>\n\n\n\n<h3 class=\"wp-block-heading\">Restez inform\u00e9<\/h3>\n\n\n\n<p>Consultez nos rapports et nos lettres pour en savoir plus sur les conditions de d\u00e9tention et nos actions de d\u00e9fense des droits.<\/p>\n\n\n\n<div style=\"height:20px\" aria-hidden=\"true\" class=\"wp-block-spacer\"><\/div>\n\n\n\n<h4 class=\"wp-block-heading\">Rapport Annuelle<\/h4>\n\n\n<div id=\"files-block-block_f802da308133f69bb38c68698a674e20\" class=\"files-block \">\n                <div class=\"files\">\n                            <div class=\"file\">\n                    <span class=\"title\">2024 \/ 2025 Rapport Annuelle<\/span>\n                    <span class=\"size\">(12MB, PDF)<\/span>\n                    <a class=\"cta\" href=\"https:\/\/caefs.ca\/wp-content\/uploads\/2026\/03\/RAPPORT-ANNUEL-de-lACSEF-24-25.pdf\" title=\"2024 \/ 2025 Rapport Annuelle\" target=\"_blank\">\n                        T\u00e9l\u00e9charger<i class=\"icon icon-download\"><\/i>\n                    <\/a>\n                <\/div>\n                    <\/div>\n    <\/div>\n\n\n\n<h4 class=\"wp-block-heading\">Lettre mensuelle de plaidoyer<\/h4>\n\n\n\n<p>*Les lettres sont disponibles uniquement en anglais.<\/p>\n\n\n<div id=\"accordion-content-block_73443b7ab96e15bb92f5bee7e1afb7b2\" class=\"accordion-wrapper \">\n        <ul class=\"accordion\" data-accordion data-multi-expand=\"false\"  data-allow-all-closed=\"true\" data-accordion data-deep-link=\"true\" data-update-history=\"true\" data-deep-link-smudge=\"true\" data-deep-link-smudge-delay=\"500\">\n                    <li class=\"accordion-item\" data-accordion-item>\n                <a href=\"#block_73443b7ab96e15bb92f5bee7e1afb7b2-0\" class=\"accordion-title\">\u00c9tablissement Nova pour femmes<\/a>\n                <div class=\"accordion-content\" data-tab-content id=\"block_73443b7ab96e15bb92f5bee7e1afb7b2-0\">\n                    <h4>2026<\/h4>\n                     \n                                                <div class=\"files-block\"><div class=\"files\">\n                                                        <div class=\"file\">\n                                    <span class=\"title\">January<\/span>\n                                <span class=\"size\">(148kB, PDF)<\/span>\n                                <a class=\"cta\" href=\"https:\/\/caefs.ca\/wp-content\/uploads\/2026\/02\/CAEFS-ADVOCACY-LETTER-JANUARY-2026.pdf\" title=\"January\" target=\"_blank\">\n                                    T\u00e9l\u00e9charger<i class=\"icon icon-download\"><\/i>\n                                <\/a>\n                            <\/div>\n                                                        <div class=\"file\">\n                                    <span class=\"title\">February<\/span>\n                                <span class=\"size\">(120kB, PDF)<\/span>\n                                <a class=\"cta\" href=\"https:\/\/caefs.ca\/wp-content\/uploads\/2026\/04\/CAEFS-Advocacy-Letter-Nova-February-2026.pdf\" title=\"February\" target=\"_blank\">\n                                    T\u00e9l\u00e9charger<i class=\"icon icon-download\"><\/i>\n                                <\/a>\n                            <\/div>\n                                                        <div class=\"file\">\n                                    <span class=\"title\">March<\/span>\n                                <span class=\"size\">(143kB, PDF)<\/span>\n                                <a class=\"cta\" href=\"https:\/\/caefs.ca\/wp-content\/uploads\/2026\/04\/CAEFS-Advocacy-Letter-Nova-March-2026.pdf\" title=\"March\" target=\"_blank\">\n                                    T\u00e9l\u00e9charger<i class=\"icon icon-download\"><\/i>\n                                <\/a>\n                            <\/div>\n                                                    <\/div><\/div>\n                                             \n                                                    <h4>2025<\/h4>\n                                             \n                                                <div class=\"files-block\"><div class=\"files\">\n                                                        <div class=\"file\">\n                                    <span class=\"title\">December <\/span>\n                                <span class=\"size\">(119kB, PDF)<\/span>\n                                <a class=\"cta\" href=\"https:\/\/caefs.ca\/wp-content\/uploads\/2026\/01\/I.-CAEFS-ADVOCACY-LETTER-DECEMBER-2025.pdf\" title=\"December \" target=\"_blank\">\n                                    T\u00e9l\u00e9charger<i class=\"icon icon-download\"><\/i>\n                                <\/a>\n                            <\/div>\n                                                        <div class=\"file\">\n                                    <span class=\"title\">November<\/span>\n                                <span class=\"size\">(139kB, PDF)<\/span>\n                                <a class=\"cta\" href=\"https:\/\/caefs.ca\/wp-content\/uploads\/2025\/12\/H.-CAEFS-ADVOCACY-LETTER-NOVEMBER-2025.pdf\" title=\"November\" target=\"_blank\">\n                                    T\u00e9l\u00e9charger<i class=\"icon icon-download\"><\/i>\n                                <\/a>\n                            <\/div>\n                                                        <div class=\"file\">\n                                    <span class=\"title\">October<\/span>\n                                <span class=\"size\">(134kB, PDF)<\/span>\n                                <a class=\"cta\" href=\"https:\/\/caefs.ca\/wp-content\/uploads\/2025\/11\/G.-CAEFS-ADVOCACY-LETTER-OCTOBER-2025-1.pdf\" title=\"October\" target=\"_blank\">\n                                    T\u00e9l\u00e9charger<i class=\"icon icon-download\"><\/i>\n                                <\/a>\n                            <\/div>\n                                                        <div class=\"file\">\n                                    <span class=\"title\">August \/ September<\/span>\n                                <span class=\"size\">(150kB, PDF)<\/span>\n                                <a class=\"cta\" href=\"https:\/\/caefs.ca\/wp-content\/uploads\/2025\/10\/CAEFS-ADVOCACY-LETTER-AUGUST-SEPTEMBER-2025.pdf\" title=\"August \/ September\" target=\"_blank\">\n                                    T\u00e9l\u00e9charger<i class=\"icon icon-download\"><\/i>\n                                <\/a>\n                            <\/div>\n                                                        <div class=\"file\">\n                                    <span class=\"title\">June \/ July<\/span>\n                                <span class=\"size\">(193kB, PDF)<\/span>\n                                <a class=\"cta\" href=\"https:\/\/caefs.ca\/wp-content\/uploads\/2025\/09\/CAEFS-ADVOCACY-LETTER-JUNE-JULY-2025-1.pdf\" title=\"June \/ July\" target=\"_blank\">\n                                    T\u00e9l\u00e9charger<i class=\"icon icon-download\"><\/i>\n                                <\/a>\n                            <\/div>\n                                                        <div class=\"file\">\n                                    <span class=\"title\">May<\/span>\n                                <span class=\"size\">(179kB, PDF)<\/span>\n                                <a class=\"cta\" href=\"https:\/\/caefs.ca\/wp-content\/uploads\/2025\/07\/CAEFS-ADVOCACY-LETTER-MAY-2025.pdf\" title=\"May\" target=\"_blank\">\n                                    T\u00e9l\u00e9charger<i class=\"icon icon-download\"><\/i>\n                                <\/a>\n                            <\/div>\n                                                        <div class=\"file\">\n                                    <span class=\"title\">March \/ April<\/span>\n                                <span class=\"size\">(199kB, PDF)<\/span>\n                                <a class=\"cta\" href=\"https:\/\/caefs.ca\/wp-content\/uploads\/2025\/05\/CAEFS-ADVOCACY-LETTER-MARCH-APRIL-2025.pdf\" title=\"March \/ April\" target=\"_blank\">\n                                    T\u00e9l\u00e9charger<i class=\"icon icon-download\"><\/i>\n                                <\/a>\n                            <\/div>\n                                                        <div class=\"file\">\n                                    <span class=\"title\">February<\/span>\n                                <span class=\"size\">(189kB, PDF)<\/span>\n                                <a class=\"cta\" href=\"https:\/\/caefs.ca\/wp-content\/uploads\/2025\/03\/CAEFS-ADVOCACY-LETTER-FEBRUARY-2025.pdf\" title=\"February\" target=\"_blank\">\n                                    T\u00e9l\u00e9charger<i class=\"icon icon-download\"><\/i>\n                                <\/a>\n                            <\/div>\n                                                        <div class=\"file\">\n                                    <span class=\"title\">December 2024 \/ January <\/span>\n                                <span class=\"size\">(119kB, PDF)<\/span>\n                                <a class=\"cta\" href=\"https:\/\/caefs.ca\/wp-content\/uploads\/2026\/01\/I.-CAEFS-ADVOCACY-LETTER-DECEMBER-2025.pdf\" title=\"December 2024 \/ January \" target=\"_blank\">\n                                    T\u00e9l\u00e9charger<i class=\"icon icon-download\"><\/i>\n                                <\/a>\n                            <\/div>\n                                                    <\/div><\/div>\n                                                            <\/div>\n            <\/li>\n                    <li class=\"accordion-item\" data-accordion-item>\n                <a href=\"#block_73443b7ab96e15bb92f5bee7e1afb7b2-1\" class=\"accordion-title\">\u00c9tablissement Grand Valley pour femmes<\/a>\n                <div class=\"accordion-content\" data-tab-content id=\"block_73443b7ab96e15bb92f5bee7e1afb7b2-1\">\n                    <h4>2026<\/h4>\n                     \n                                                <div class=\"files-block\"><div class=\"files\">\n                                                        <div class=\"file\">\n                                    <span class=\"title\">January <\/span>\n                                <span class=\"size\">(155kB, PDF)<\/span>\n                                <a class=\"cta\" href=\"https:\/\/caefs.ca\/wp-content\/uploads\/2026\/02\/January-2026-GVI-Advocacy-letter-.pdf\" title=\"January \" target=\"_blank\">\n                                    T\u00e9l\u00e9charger<i class=\"icon icon-download\"><\/i>\n                                <\/a>\n                            <\/div>\n                                                        <div class=\"file\">\n                                    <span class=\"title\">February<\/span>\n                                <span class=\"size\">(254kB, PDF)<\/span>\n                                <a class=\"cta\" href=\"https:\/\/caefs.ca\/wp-content\/uploads\/2026\/04\/GVI-February-Advocacy-2026-Letter.pdf\" title=\"February\" target=\"_blank\">\n                                    T\u00e9l\u00e9charger<i class=\"icon icon-download\"><\/i>\n                                <\/a>\n                            <\/div>\n                                                    <\/div><\/div>\n                                             \n                                                    <h4>2025<\/h4>\n                                             \n                                                <div class=\"files-block\"><div class=\"files\">\n                                                        <div class=\"file\">\n                                    <span class=\"title\">December<\/span>\n                                <span class=\"size\">(269kB, PDF)<\/span>\n                                <a class=\"cta\" href=\"https:\/\/caefs.ca\/wp-content\/uploads\/2026\/02\/GVI-December-Advocacy-Letter-2025.pdf\" title=\"December\" target=\"_blank\">\n                                    T\u00e9l\u00e9charger<i class=\"icon icon-download\"><\/i>\n                                <\/a>\n                            <\/div>\n                                                        <div class=\"file\">\n                                    <span class=\"title\">November <\/span>\n                                <span class=\"size\">(430kB, PDF)<\/span>\n                                <a class=\"cta\" href=\"https:\/\/caefs.ca\/wp-content\/uploads\/2025\/12\/GVI-November-Advocacy-letter-2025.pdf\" title=\"November \" target=\"_blank\">\n                                    T\u00e9l\u00e9charger<i class=\"icon icon-download\"><\/i>\n                                <\/a>\n                            <\/div>\n                                                        <div class=\"file\">\n                                    <span class=\"title\">October<\/span>\n                                <span class=\"size\">(143kB, PDF)<\/span>\n                                <a class=\"cta\" href=\"https:\/\/caefs.ca\/wp-content\/uploads\/2025\/12\/October-GVI-Advocacy-Letter-2025.pdf\" title=\"October\" target=\"_blank\">\n                                    T\u00e9l\u00e9charger<i class=\"icon icon-download\"><\/i>\n                                <\/a>\n                            <\/div>\n                                                        <div class=\"file\">\n                                    <span class=\"title\">September<\/span>\n                                <span class=\"size\">(211kB, PDF)<\/span>\n                                <a class=\"cta\" href=\"https:\/\/caefs.ca\/wp-content\/uploads\/2025\/10\/GVIW-Advocacy-Letter-September-2025-1-1.pdf\" title=\"September\" target=\"_blank\">\n                                    T\u00e9l\u00e9charger<i class=\"icon icon-download\"><\/i>\n                                <\/a>\n                            <\/div>\n                                                        <div class=\"file\">\n                                    <span class=\"title\">August<\/span>\n                                <span class=\"size\">(230kB, PDF)<\/span>\n                                <a class=\"cta\" href=\"https:\/\/caefs.ca\/wp-content\/uploads\/2025\/10\/August-2025-CAEFS-Advocacy-Letter-GVI-1.pdf\" title=\"August\" target=\"_blank\">\n                                    T\u00e9l\u00e9charger<i class=\"icon icon-download\"><\/i>\n                                <\/a>\n                            <\/div>\n                                                        <div class=\"file\">\n                                    <span class=\"title\">July<\/span>\n                                <span class=\"size\">(307kB, PDF)<\/span>\n                                <a class=\"cta\" href=\"https:\/\/caefs.ca\/wp-content\/uploads\/2025\/09\/2025_08_26-July-Advocacy-Letter-GVI.pdf\" title=\"July\" target=\"_blank\">\n                                    T\u00e9l\u00e9charger<i class=\"icon icon-download\"><\/i>\n                                <\/a>\n                            <\/div>\n                                                        <div class=\"file\">\n                                    <span class=\"title\">June<\/span>\n                                <span class=\"size\">(149kB, PDF)<\/span>\n                                <a class=\"cta\" href=\"https:\/\/caefs.ca\/wp-content\/uploads\/2025\/07\/2025_07_14-June-2025-Advocacy-Letter-GVI.pdf\" title=\"June\" target=\"_blank\">\n                                    T\u00e9l\u00e9charger<i class=\"icon icon-download\"><\/i>\n                                <\/a>\n                            <\/div>\n                                                        <div class=\"file\">\n                                    <span class=\"title\">May<\/span>\n                                <span class=\"size\">(214kB, PDF)<\/span>\n                                <a class=\"cta\" href=\"https:\/\/caefs.ca\/wp-content\/uploads\/2025\/07\/2025_06_24-May-Advocacy-Letter-GVI-1.pdf\" title=\"May\" target=\"_blank\">\n                                    T\u00e9l\u00e9charger<i class=\"icon icon-download\"><\/i>\n                                <\/a>\n                            <\/div>\n                                                        <div class=\"file\">\n                                    <span class=\"title\">April<\/span>\n                                <span class=\"size\">(548kB, PDF)<\/span>\n                                <a class=\"cta\" href=\"https:\/\/caefs.ca\/wp-content\/uploads\/2025\/05\/2025_05_12_-April-Advocacy-Letter-GVI.docx.pdf\" title=\"April\" target=\"_blank\">\n                                    T\u00e9l\u00e9charger<i class=\"icon icon-download\"><\/i>\n                                <\/a>\n                            <\/div>\n                                                        <div class=\"file\">\n                                    <span class=\"title\">March<\/span>\n                                <span class=\"size\">(181kB, PDF)<\/span>\n                                <a class=\"cta\" href=\"https:\/\/caefs.ca\/wp-content\/uploads\/2025\/04\/2025-04-15-March-2025-Advocacy-Letter-GVI.pdf\" title=\"March\" target=\"_blank\">\n                                    T\u00e9l\u00e9charger<i class=\"icon icon-download\"><\/i>\n                                <\/a>\n                            <\/div>\n                                                        <div class=\"file\">\n                                    <span class=\"title\">February<\/span>\n                                <span class=\"size\">(206kB, PDF)<\/span>\n                                <a class=\"cta\" href=\"https:\/\/caefs.ca\/wp-content\/uploads\/2025\/03\/2025_03_24_February-GVI-Advocacy-Letter.pdf\" title=\"February\" target=\"_blank\">\n                                    T\u00e9l\u00e9charger<i class=\"icon icon-download\"><\/i>\n                                <\/a>\n                            <\/div>\n                                                        <div class=\"file\">\n                                    <span class=\"title\">January <\/span>\n                                <span class=\"size\">(196kB, PDF)<\/span>\n                                <a class=\"cta\" href=\"https:\/\/caefs.ca\/wp-content\/uploads\/2025\/02\/2025_02_21_January-2025-Advocacy-Letter-GVI.pdf\" title=\"January \" target=\"_blank\">\n                                    T\u00e9l\u00e9charger<i class=\"icon icon-download\"><\/i>\n                                <\/a>\n                            <\/div>\n                                                    <\/div><\/div>\n                                                            <\/div>\n            <\/li>\n                    <li class=\"accordion-item\" data-accordion-item>\n                <a href=\"#block_73443b7ab96e15bb92f5bee7e1afb7b2-2\" class=\"accordion-title\">Loge de gu\u00e9rison Okimaw Ohci<\/a>\n                <div class=\"accordion-content\" data-tab-content id=\"block_73443b7ab96e15bb92f5bee7e1afb7b2-2\">\n                    <h4>2025<\/h4>\n<p>&nbsp;<\/p>\n                     \n                                                <div class=\"files-block\"><div class=\"files\">\n                                                        <div class=\"file\">\n                                    <span class=\"title\">October <\/span>\n                                <span class=\"size\">(261kB, PDF)<\/span>\n                                <a class=\"cta\" href=\"https:\/\/caefs.ca\/wp-content\/uploads\/2025\/11\/2025_11_14-OOHL-Advocacy-Letter_October-2025.pdf\" title=\"October \" target=\"_blank\">\n                                    T\u00e9l\u00e9charger<i class=\"icon icon-download\"><\/i>\n                                <\/a>\n                            <\/div>\n                                                    <\/div><\/div>\n                                                            <\/div>\n            <\/li>\n                    <li class=\"accordion-item\" data-accordion-item>\n                <a href=\"#block_73443b7ab96e15bb92f5bee7e1afb7b2-3\" class=\"accordion-title\">\u00c9tablissement Edmonton pour femmes<\/a>\n                <div class=\"accordion-content\" data-tab-content id=\"block_73443b7ab96e15bb92f5bee7e1afb7b2-3\">\n                    <h4>2026<\/h4>\n                     \n                                                <div class=\"files-block\"><div class=\"files\">\n                                                        <div class=\"file\">\n                                    <span class=\"title\">January<\/span>\n                                <span class=\"size\">(259kB, PDF)<\/span>\n                                <a class=\"cta\" href=\"https:\/\/caefs.ca\/wp-content\/uploads\/2026\/02\/2026_02_24-January-2026-Advocacy-Letter-EIFW.pdf\" title=\"January\" target=\"_blank\">\n                                    T\u00e9l\u00e9charger<i class=\"icon icon-download\"><\/i>\n                                <\/a>\n                            <\/div>\n                                                        <div class=\"file\">\n                                    <span class=\"title\">February<\/span>\n                                <span class=\"size\">(219kB, PDF)<\/span>\n                                <a class=\"cta\" href=\"https:\/\/caefs.ca\/wp-content\/uploads\/2026\/04\/2026_03_31-EIFW-Advocacy-Letter_February.pdf\" title=\"February\" target=\"_blank\">\n                                    T\u00e9l\u00e9charger<i class=\"icon icon-download\"><\/i>\n                                <\/a>\n                            <\/div>\n                                                    <\/div><\/div>\n                                             \n                                                    <h4>2025<\/h4>\n                                             \n                                                <div class=\"files-block\"><div class=\"files\">\n                                                        <div class=\"file\">\n                                    <span class=\"title\">December <\/span>\n                                <span class=\"size\">(258kB, PDF)<\/span>\n                                <a class=\"cta\" href=\"https:\/\/caefs.ca\/wp-content\/uploads\/2026\/01\/2026_01_06-December-2025-Advocacy-Letter-EIFW-1.pdf\" title=\"December \" target=\"_blank\">\n                                    T\u00e9l\u00e9charger<i class=\"icon icon-download\"><\/i>\n                                <\/a>\n                            <\/div>\n                                                        <div class=\"file\">\n                                    <span class=\"title\">November<\/span>\n                                <span class=\"size\">(205kB, PDF)<\/span>\n                                <a class=\"cta\" href=\"https:\/\/caefs.ca\/wp-content\/uploads\/2025\/12\/2025_12_08-November-2025-Advocacy-Letter-EIFW-1.pdf\" title=\"November\" target=\"_blank\">\n                                    T\u00e9l\u00e9charger<i class=\"icon icon-download\"><\/i>\n                                <\/a>\n                            <\/div>\n                                                        <div class=\"file\">\n                                    <span class=\"title\">October<\/span>\n                                <span class=\"size\">(259kB, PDF)<\/span>\n                                <a class=\"cta\" href=\"https:\/\/caefs.ca\/wp-content\/uploads\/2025\/11\/2025_11_18-October-2025-Advocacy-Letter-EIFW.pdf\" title=\"October\" target=\"_blank\">\n                                    T\u00e9l\u00e9charger<i class=\"icon icon-download\"><\/i>\n                                <\/a>\n                            <\/div>\n                                                        <div class=\"file\">\n                                    <span class=\"title\">August<\/span>\n                                <span class=\"size\">(226kB, PDF)<\/span>\n                                <a class=\"cta\" href=\"https:\/\/caefs.ca\/wp-content\/uploads\/2025\/10\/2025_09_19_-August-2025-Advocacy-Letter-EIFW-1.pdf\" title=\"August\" target=\"_blank\">\n                                    T\u00e9l\u00e9charger<i class=\"icon icon-download\"><\/i>\n                                <\/a>\n                            <\/div>\n                                                        <div class=\"file\">\n                                    <span class=\"title\">July<\/span>\n                                <span class=\"size\">(216kB, PDF)<\/span>\n                                <a class=\"cta\" href=\"https:\/\/caefs.ca\/wp-content\/uploads\/2025\/09\/2025_08_18_July-2025-Advocacy-Letter-EIFW.pdf\" title=\"July\" target=\"_blank\">\n                                    T\u00e9l\u00e9charger<i class=\"icon icon-download\"><\/i>\n                                <\/a>\n                            <\/div>\n                                                        <div class=\"file\">\n                                    <span class=\"title\">June<\/span>\n                                <span class=\"size\">(239kB, PDF)<\/span>\n                                <a class=\"cta\" href=\"https:\/\/caefs.ca\/wp-content\/uploads\/2025\/07\/2025_07_14-June-2025-Advocacy-Letter-EIFW.pdf\" title=\"June\" target=\"_blank\">\n                                    T\u00e9l\u00e9charger<i class=\"icon icon-download\"><\/i>\n                                <\/a>\n                            <\/div>\n                                                        <div class=\"file\">\n                                    <span class=\"title\">May<\/span>\n                                <span class=\"size\">(208kB, PDF)<\/span>\n                                <a class=\"cta\" href=\"https:\/\/caefs.ca\/wp-content\/uploads\/2025\/07\/2025_06_02-May-Advocacy-Letter-EIFW.pdf\" title=\"May\" target=\"_blank\">\n                                    T\u00e9l\u00e9charger<i class=\"icon icon-download\"><\/i>\n                                <\/a>\n                            <\/div>\n                                                        <div class=\"file\">\n                                    <span class=\"title\">April<\/span>\n                                <span class=\"size\">(524kB, PDF)<\/span>\n                                <a class=\"cta\" href=\"https:\/\/caefs.ca\/wp-content\/uploads\/2025\/05\/2025-05-12-April-Advocacy-Letter-EIFW.docx.pdf\" title=\"April\" target=\"_blank\">\n                                    T\u00e9l\u00e9charger<i class=\"icon icon-download\"><\/i>\n                                <\/a>\n                            <\/div>\n                                                        <div class=\"file\">\n                                    <span class=\"title\">March<\/span>\n                                <span class=\"size\">(263kB, PDF)<\/span>\n                                <a class=\"cta\" href=\"https:\/\/caefs.ca\/wp-content\/uploads\/2025\/04\/2025_04_07_EIFW-March-Advocacy-Letter-1.pdf\" title=\"March\" target=\"_blank\">\n                                    T\u00e9l\u00e9charger<i class=\"icon icon-download\"><\/i>\n                                <\/a>\n                            <\/div>\n                                                        <div class=\"file\">\n                                    <span class=\"title\">February<\/span>\n                                <span class=\"size\">(235kB, PDF)<\/span>\n                                <a class=\"cta\" href=\"https:\/\/caefs.ca\/wp-content\/uploads\/2025\/03\/2025_03_10_EIFW-Advocacy-Letter-February-2025-1-1.pdf\" title=\"February\" target=\"_blank\">\n                                    T\u00e9l\u00e9charger<i class=\"icon icon-download\"><\/i>\n                                <\/a>\n                            <\/div>\n                                                        <div class=\"file\">\n                                    <span class=\"title\">January<\/span>\n                                <span class=\"size\">(206kB, PDF)<\/span>\n                                <a class=\"cta\" href=\"https:\/\/caefs.ca\/wp-content\/uploads\/2025\/02\/2025_02_03_-January-Advocacy-Letter-EIFW.pdf\" title=\"January\" target=\"_blank\">\n                                    T\u00e9l\u00e9charger<i class=\"icon icon-download\"><\/i>\n                                <\/a>\n                            <\/div>\n                                                    <\/div><\/div>\n                                                            <\/div>\n            <\/li>\n                    <li class=\"accordion-item\" data-accordion-item>\n                <a href=\"#block_73443b7ab96e15bb92f5bee7e1afb7b2-4\" class=\"accordion-title\">\u00c9tablissement de la Vall\u00e9e du Fraser<\/a>\n                <div class=\"accordion-content\" data-tab-content id=\"block_73443b7ab96e15bb92f5bee7e1afb7b2-4\">\n                    <h4>2026<\/h4>\n                     \n                                                <div class=\"files-block\"><div class=\"files\">\n                                                        <div class=\"file\">\n                                    <span class=\"title\">January<\/span>\n                                <span class=\"size\">(175kB, PDF)<\/span>\n                                <a class=\"cta\" href=\"https:\/\/caefs.ca\/wp-content\/uploads\/2026\/02\/CAEFS-FVI-Institutional-Management-Letter-January-2026.pdf\" title=\"January\" target=\"_blank\">\n                                    T\u00e9l\u00e9charger<i class=\"icon icon-download\"><\/i>\n                                <\/a>\n                            <\/div>\n                                                        <div class=\"file\">\n                                    <span class=\"title\">February<\/span>\n                                <span class=\"size\">(177kB, PDF)<\/span>\n                                <a class=\"cta\" href=\"https:\/\/caefs.ca\/wp-content\/uploads\/2026\/04\/CAEFS-FVI-Institutional-Management-Letter-February-2026.pdf\" title=\"February\" target=\"_blank\">\n                                    T\u00e9l\u00e9charger<i class=\"icon icon-download\"><\/i>\n                                <\/a>\n                            <\/div>\n                                                        <div class=\"file\">\n                                    <span class=\"title\">March<\/span>\n                                <span class=\"size\">(178kB, PDF)<\/span>\n                                <a class=\"cta\" href=\"https:\/\/caefs.ca\/wp-content\/uploads\/2026\/04\/CAEFS-FVI-Institutional-Management-Letter-March-2026.pdf\" title=\"March\" target=\"_blank\">\n                                    T\u00e9l\u00e9charger<i class=\"icon icon-download\"><\/i>\n                                <\/a>\n                            <\/div>\n                                                    <\/div><\/div>\n                                             \n                                                    <h4>2025<\/h4>\n                                             \n                                                <div class=\"files-block\"><div class=\"files\">\n                                                        <div class=\"file\">\n                                    <span class=\"title\">November<\/span>\n                                <span class=\"size\">(205kB, PDF)<\/span>\n                                <a class=\"cta\" href=\"https:\/\/caefs.ca\/wp-content\/uploads\/2025\/12\/CAEFS-Institutional-Management-Letter-November-2025.pdf\" title=\"November\" target=\"_blank\">\n                                    T\u00e9l\u00e9charger<i class=\"icon icon-download\"><\/i>\n                                <\/a>\n                            <\/div>\n                                                        <div class=\"file\">\n                                    <span class=\"title\">October<\/span>\n                                <span class=\"size\">(194kB, PDF)<\/span>\n                                <a class=\"cta\" href=\"https:\/\/caefs.ca\/wp-content\/uploads\/2025\/11\/CAEFS-Institutional-Management-Letter-October-2025.pdf\" title=\"October\" target=\"_blank\">\n                                    T\u00e9l\u00e9charger<i class=\"icon icon-download\"><\/i>\n                                <\/a>\n                            <\/div>\n                                                        <div class=\"file\">\n                                    <span class=\"title\">September<\/span>\n                                <span class=\"size\">(172kB, PDF)<\/span>\n                                <a class=\"cta\" href=\"https:\/\/caefs.ca\/wp-content\/uploads\/2025\/10\/CAEFS-Institutional-Management-Letter-September-2025-1.pdf\" title=\"September\" target=\"_blank\">\n                                    T\u00e9l\u00e9charger<i class=\"icon icon-download\"><\/i>\n                                <\/a>\n                            <\/div>\n                                                        <div class=\"file\">\n                                    <span class=\"title\">August<\/span>\n                                <span class=\"size\">(643kB, PDF)<\/span>\n                                <a class=\"cta\" href=\"https:\/\/caefs.ca\/wp-content\/uploads\/2025\/10\/CAEFS-Institutional-Management-Letter-August-2025.pdf\" title=\"August\" target=\"_blank\">\n                                    T\u00e9l\u00e9charger<i class=\"icon icon-download\"><\/i>\n                                <\/a>\n                            <\/div>\n                                                        <div class=\"file\">\n                                    <span class=\"title\">July<\/span>\n                                <span class=\"size\">(185kB, PDF)<\/span>\n                                <a class=\"cta\" href=\"https:\/\/caefs.ca\/wp-content\/uploads\/2025\/09\/CAEFS-FVI-Institutional-Management-Letter-July.pdf\" title=\"July\" target=\"_blank\">\n                                    T\u00e9l\u00e9charger<i class=\"icon icon-download\"><\/i>\n                                <\/a>\n                            <\/div>\n                                                        <div class=\"file\">\n                                    <span class=\"title\">June<\/span>\n                                <span class=\"size\">(182kB, PDF)<\/span>\n                                <a class=\"cta\" href=\"https:\/\/caefs.ca\/wp-content\/uploads\/2025\/07\/CAEFS-FVI-Institutional-Management-Letter-June.pdf\" title=\"June\" target=\"_blank\">\n                                    T\u00e9l\u00e9charger<i class=\"icon icon-download\"><\/i>\n                                <\/a>\n                            <\/div>\n                                                        <div class=\"file\">\n                                    <span class=\"title\">May<\/span>\n                                <span class=\"size\">(207kB, PDF)<\/span>\n                                <a class=\"cta\" href=\"https:\/\/caefs.ca\/wp-content\/uploads\/2025\/07\/CAEFS-FVI-Institutional-Management-Letter-May-2025.pdf\" title=\"May\" target=\"_blank\">\n                                    T\u00e9l\u00e9charger<i class=\"icon icon-download\"><\/i>\n                                <\/a>\n                            <\/div>\n                                                        <div class=\"file\">\n                                    <span class=\"title\">March<\/span>\n                                <span class=\"size\">(285kB, PDF)<\/span>\n                                <a class=\"cta\" href=\"https:\/\/caefs.ca\/wp-content\/uploads\/2025\/04\/CAEFS-FVI-Institutional-Management-Letter-March-2025.pdf\" title=\"March\" target=\"_blank\">\n                                    T\u00e9l\u00e9charger<i class=\"icon icon-download\"><\/i>\n                                <\/a>\n                            <\/div>\n                                                        <div class=\"file\">\n                                    <span class=\"title\">February<\/span>\n                                <span class=\"size\">(197kB, PDF)<\/span>\n                                <a class=\"cta\" href=\"https:\/\/caefs.ca\/wp-content\/uploads\/2025\/03\/CAEFS-FVI-Institutional-Management-Letter-February-2025.pdf\" title=\"February\" target=\"_blank\">\n                                    T\u00e9l\u00e9charger<i class=\"icon icon-download\"><\/i>\n                                <\/a>\n                            <\/div>\n                                                        <div class=\"file\">\n                                    <span class=\"title\">January<\/span>\n                                <span class=\"size\">(199kB, PDF)<\/span>\n                                <a class=\"cta\" href=\"https:\/\/caefs.ca\/wp-content\/uploads\/2025\/02\/CAEFS-FVI-Institutional-Management-Letter-January-2025.pdf\" title=\"January\" target=\"_blank\">\n                                    T\u00e9l\u00e9charger<i class=\"icon icon-download\"><\/i>\n                                <\/a>\n                            <\/div>\n                                                    <\/div><\/div>\n                                                            <\/div>\n            <\/li>\n            <\/ul>\n<\/div>\n\n\n\n<div style=\"height:40px\" aria-hidden=\"true\" class=\"wp-block-spacer\"><\/div>\n\n\n\n<h4 class=\"wp-block-heading\">Mises \u00e0 jour des \u00e9quipes r\u00e9gionales de plaidoyer<\/h4>\n\n\n\n<p>*Les mises \u00e0 jour sont disponibles uniquement en anglais. \u00c0 l&rsquo;exception de Mars 2026 qui est offer en fran\u00e7ais \u00e9galement.<\/p>\n\n\n<div id=\"accordion-content-block_348f2e9416f3fe5bbd2d733ece9ac25f\" class=\"accordion-wrapper \">\n        <ul class=\"accordion\" data-accordion data-multi-expand=\"false\"  data-allow-all-closed=\"true\" data-accordion data-deep-link=\"true\" data-update-history=\"true\" data-deep-link-smudge=\"true\" data-deep-link-smudge-delay=\"500\">\n                    <li class=\"accordion-item\" data-accordion-item>\n                <a href=\"#block_348f2e9416f3fe5bbd2d733ece9ac25f-0\" class=\"accordion-title\">Mars 2026<\/a>\n                <div class=\"accordion-content\" data-tab-content id=\"block_348f2e9416f3fe5bbd2d733ece9ac25f-0\">\n                    <p>En f\u00e9vrier 2026, l&rsquo;ACSEF s\u2019est joint \u00e0 de nombreuses organisations communautaires pour adresser une lettre commune au Service correctionnel du Canada (SCC), dans laquelle elles exprimaient leurs pr\u00e9occupations quant aux r\u00e9percussions des modifications apport\u00e9es \u00e0 la politique du SCC relative au traitement par agonistes opio\u00efdes (TAO). Ces modifications comprennent le retrait de la liste du Suboxone et la d\u00e9signation du Sublocade comme traitement de premi\u00e8re intention pour le trouble li\u00e9 \u00e0 l&rsquo;usage d&rsquo;opio\u00efdes (TUAO) dans le Formulaire national.<\/p>\n<p>Lisez la lettre commune ici (*disponibles uniquement en anglais): <b><span data-contrast=\"none\"><a href=\"https:\/\/caefs.ca\/wp-content\/uploads\/2026\/04\/CSC-Health-Services-OAT-Policy-Changes.pdf\">CSC Health Services OAT Policy Changes<\/a><\/span><\/b><\/p>\n<p>Cette lettre fait suite \u00e0 plusieurs mois de signalements \u00e9manant de personnes incarc\u00e9r\u00e9es dans diff\u00e9rentes prisons r\u00e9serv\u00e9es aux femmes. Ces signalements faisaient notamment \u00e9tat :<\/p>\n<ul>\n<li><strong>Transition obligatoire au Sublocade<\/strong> : Dans plusieurs \u00e9tablissements p\u00e9nitentiaires, l&rsquo;ACSEF signale que les personnes suivant un traitement par agonistes opio\u00efdes ont \u00e9t\u00e9 contraintes de passer aux injections de Sublocade, souvent sans pr\u00e9avis, avec un choix limit\u00e9 et sans v\u00e9ritable consentement \u00e9clair\u00e9. Dans plusieurs cas, on a dit aux personnes concern\u00e9es qu\u2019elles devaient soit passer au Sublocade, soit arr\u00eater compl\u00e8tement leur traitement par agonistes opio\u00efdes.<\/li>\n<li><strong>Effets ind\u00e9sirables physiques et psychologiques :<\/strong>\n<ul>\n<li>S\u00e9dation et fatigue extr\u00eame<\/li>\n<li>Vertiges, naus\u00e9es, vomissements<\/li>\n<li>Infections, ecchymoses et masses abdominales douloureuses aux sites d&rsquo;injection<\/li>\n<li>R\u00e9actions allergiques, notamment \u00e9ruptions cutan\u00e9es, d\u00e9mangeaisons pouvant aller jusqu&rsquo;au saignement et difficult\u00e9s respiratoires<\/li>\n<li>Dysmorphie corporelle li\u00e9e \u00e0 la pr\u00e9sence de bosses visibles<\/li>\n<li>Anxi\u00e9t\u00e9 et d\u00e9tresse accrues, en particulier chez les personnes ayant des ant\u00e9c\u00e9dents de consommation de drogues par injection qui trouvent les injections retraumatisantes<\/li>\n<\/ul>\n<\/li>\n<li><strong>Perte d&rsquo;autonomie m\u00e9dicale et de continuit\u00e9 des soins<\/strong> : De nombreuses personnes ont soulign\u00e9 que d&rsquo;autres m\u00e9dicaments de TSO avaient \u00e9t\u00e9 efficaces pendant des ann\u00e9es. Ce changement impos\u00e9 a perturb\u00e9 la stabilit\u00e9, sap\u00e9 la confiance envers les professionnels de sant\u00e9 et a eu un impact n\u00e9gatif sur la capacit\u00e9 des personnes \u00e0 participer aux programmes et aux plans correctionnels.<\/li>\n<li><strong>Pr\u00e9occupations concernant les donn\u00e9es scientifiques, la s\u00e9curit\u00e9 et la sant\u00e9 reproductive :<\/strong> des craintes ont \u00e9t\u00e9 exprim\u00e9es quant \u00e0 l\u2019insuffisance des \u00e9tudes \u00e0 long terme sur le Sublocade et aux impacts potentiels sur la fertilit\u00e9 et la sant\u00e9 reproductive<\/li>\n<li><strong>Formation du personnel<\/strong> : selon certains rapports, certaines infirmi\u00e8res n&rsquo;avaient pas re\u00e7u une formation suffisante pour administrer les injections de Sublocade, ce qui a entra\u00een\u00e9 des douleurs et des complications. Des personnes ont qualifi\u00e9 le processus d&rsquo;injection lui-m\u00eame de dangereux ou de mal g\u00e9r\u00e9.<\/li>\n<\/ul>\n<p>Pour de nombreuses personnes plac\u00e9es en d\u00e9tention f\u00e9d\u00e9rale, l&rsquo;acc\u00e8s \u00e0 un traitement de substitution aux opiac\u00e9s (TSO) r\u00e9gulier et personnalis\u00e9 est un \u00e9l\u00e9ment essentiel de leur bien-\u00eatre et de leur r\u00e9tablissement. Les interruptions de traitement, d&rsquo;autant plus que ces changements seraient mis en place sans consentement \u00e9clair\u00e9 ni consultation ad\u00e9quate, ont des r\u00e9percussions physiques et psychologiques importantes. Ces r\u00e9percussions sont encore aggrav\u00e9es en milieu carc\u00e9ral, o\u00f9 les personnes sont d\u00e9j\u00e0 confront\u00e9es \u00e0 des obstacles structurels \u00e0 l&rsquo;acc\u00e8s aux soins de sant\u00e9 et disposent d&rsquo;une autonomie limit\u00e9e en mati\u00e8re de d\u00e9cisions m\u00e9dicales.<\/p>\n<p>L&rsquo;ACSEF a toujours recommand\u00e9 que, compte tenu de la responsabilit\u00e9 qui incombe au SCC d\u2019assurer des soins s\u00fbrs et humains aux personnes d\u00e9tenues dans les p\u00e9nitenciers f\u00e9d\u00e9raux \u2014 o\u00f9 celles-ci d\u00e9pendent du personnel et des prestataires pour les services de sant\u00e9 \u2014, le SCC adopte des mesures suppl\u00e9mentaires pour prot\u00e9ger la dignit\u00e9 et le bien-\u00eatre des personnes dont il a la charge. L\u2019acc\u00e8s \u00e0 des soins de sant\u00e9 appropri\u00e9s et tenant compte des traumatismes est essentiel, non seulement pour respecter les normes communautaires, mais aussi pour favoriser une participation significative aux plans correctionnels et une r\u00e9insertion sociale r\u00e9ussie. L&rsquo;ACSEF a en outre recommand\u00e9 que le SCC \u00e9vite de compromettre la capacit\u00e9 des m\u00e9decins et des infirmi\u00e8res praticiennes \u00e0 prescrire les traitements les plus efficaces en faisant passer les pr\u00e9occupations de s\u00e9curit\u00e9 avant le jugement clinique dans les d\u00e9cisions relatives \u00e0 la liste des m\u00e9dicaments autoris\u00e9s.<\/p>\n<p>Vous trouverez plus d&rsquo;informations sur ces rapports et nos recommandations dans les lettres ci-dessous. \u00a0Restez \u00e0 l&rsquo;\u00e9coute pour d&rsquo;autres mises \u00e0 jour \u00e0 venir.<\/p>\n<p>*\u00c0 noter les lettres sont uniquement disponible en anglais.<\/p>\n<table style=\"height: 220px;\" width=\"500\" data-tablestyle=\"MsoTableGridLight\" data-tablelook=\"1184\" aria-rowcount=\"1\">\n<tbody>\n<tr aria-rowindex=\"1\">\n<td data-celllook=\"4369\"><em><strong>\u00c9tablissement pour femmes d&rsquo;Edmonton<\/strong> <\/em><\/p>\n<ul>\n<li aria-setsize=\"-1\" data-leveltext=\"-\" data-font=\"Arial Narrow\" data-listid=\"6\" data-list-defn-props=\"{&quot;335551671&quot;:0,&quot;335552541&quot;:1,&quot;335559685&quot;:720,&quot;335559991&quot;:360,&quot;469769226&quot;:&quot;Arial Narrow&quot;,&quot;469769242&quot;:[8226],&quot;469777803&quot;:&quot;left&quot;,&quot;469777804&quot;:&quot;-&quot;,&quot;469777815&quot;:&quot;hybridMultilevel&quot;}\" data-aria-posinset=\"0\" data-aria-level=\"1\"><a href=\"https:\/\/caefs.ca\/wp-content\/uploads\/2026\/02\/2026_02_24-January-2026-Advocacy-Letter-EIFW.pdf\"><span data-contrast=\"none\">Janvier 2026<\/span><span data-ccp-props=\"{}\">\u00a0<\/span><\/a><\/li>\n<li aria-setsize=\"-1\" data-leveltext=\"-\" data-font=\"Arial Narrow\" data-listid=\"6\" data-list-defn-props=\"{&quot;335551671&quot;:0,&quot;335552541&quot;:1,&quot;335559685&quot;:720,&quot;335559991&quot;:360,&quot;469769226&quot;:&quot;Arial Narrow&quot;,&quot;469769242&quot;:[8226],&quot;469777803&quot;:&quot;left&quot;,&quot;469777804&quot;:&quot;-&quot;,&quot;469777815&quot;:&quot;hybridMultilevel&quot;}\" data-aria-posinset=\"0\" data-aria-level=\"1\"><a href=\"https:\/\/caefs.ca\/wp-content\/uploads\/2026\/04\/2026_03_31-EIFW-Advocacy-Letter_February.pdf\">F\u00e9vrier 2026<\/a><\/li>\n<\/ul>\n<ul>\n<li aria-setsize=\"-1\" data-leveltext=\"-\" data-font=\"Arial Narrow\" data-listid=\"6\" data-list-defn-props=\"{&quot;335551671&quot;:0,&quot;335552541&quot;:1,&quot;335559685&quot;:720,&quot;335559991&quot;:360,&quot;469769226&quot;:&quot;Arial Narrow&quot;,&quot;469769242&quot;:[8226],&quot;469777803&quot;:&quot;left&quot;,&quot;469777804&quot;:&quot;-&quot;,&quot;469777815&quot;:&quot;hybridMultilevel&quot;}\" data-aria-posinset=\"1\" data-aria-level=\"1\"><a href=\"https:\/\/caefs.ca\/wp-content\/uploads\/2025\/10\/2025_09_19_-August-2025-Advocacy-Letter-EIFW-1.pdf\"><span data-contrast=\"none\">Ao\u00fbt 2025<\/span><span data-ccp-props=\"{}\">\u00a0<\/span><\/a><\/li>\n<\/ul>\n<ul>\n<li aria-setsize=\"-1\" data-leveltext=\"-\" data-font=\"Arial Narrow\" data-listid=\"6\" data-list-defn-props=\"{&quot;335551671&quot;:0,&quot;335552541&quot;:1,&quot;335559685&quot;:720,&quot;335559991&quot;:360,&quot;469769226&quot;:&quot;Arial Narrow&quot;,&quot;469769242&quot;:[8226],&quot;469777803&quot;:&quot;left&quot;,&quot;469777804&quot;:&quot;-&quot;,&quot;469777815&quot;:&quot;hybridMultilevel&quot;}\" data-aria-posinset=\"2\" data-aria-level=\"1\"><a href=\"https:\/\/caefs.ca\/wp-content\/uploads\/2025\/11\/2025_11_18-October-2025-Advocacy-Letter-EIFW.pdf\"><span data-contrast=\"none\">Octobre 2025<\/span><\/a><span data-ccp-props=\"{}\">\u00a0<\/span><\/li>\n<\/ul>\n<ul>\n<li aria-setsize=\"-1\" data-leveltext=\"-\" data-font=\"Arial Narrow\" data-listid=\"6\" data-list-defn-props=\"{&quot;335551671&quot;:0,&quot;335552541&quot;:1,&quot;335559685&quot;:720,&quot;335559991&quot;:360,&quot;469769226&quot;:&quot;Arial Narrow&quot;,&quot;469769242&quot;:[8226],&quot;469777803&quot;:&quot;left&quot;,&quot;469777804&quot;:&quot;-&quot;,&quot;469777815&quot;:&quot;hybridMultilevel&quot;}\" data-aria-posinset=\"3\" data-aria-level=\"1\"><a href=\"https:\/\/caefs.ca\/wp-content\/uploads\/2025\/12\/2025_12_08-November-2025-Advocacy-Letter-EIFW-1.pdf\"><span data-contrast=\"none\">Novembre 2025<\/span><\/a><span data-ccp-props=\"{}\">\u00a0<\/span><\/li>\n<\/ul>\n<\/td>\n<td data-celllook=\"4369\"><em><strong>\u00c9tablissement pour femmes de Nova<\/strong><\/em><\/p>\n<ul>\n<li aria-setsize=\"-1\" data-leveltext=\"-\" data-font=\"Arial Narrow\" data-listid=\"6\" data-list-defn-props=\"{&quot;335551671&quot;:0,&quot;335552541&quot;:1,&quot;335559685&quot;:720,&quot;335559991&quot;:360,&quot;469769226&quot;:&quot;Arial Narrow&quot;,&quot;469769242&quot;:[8226],&quot;469777803&quot;:&quot;left&quot;,&quot;469777804&quot;:&quot;-&quot;,&quot;469777815&quot;:&quot;hybridMultilevel&quot;}\" data-aria-posinset=\"4\" data-aria-level=\"1\"><a href=\"https:\/\/caefs.ca\/wp-content\/uploads\/2026\/02\/CAEFS-ADVOCACY-LETTER-JANUARY-2026.pdf\"><span data-contrast=\"none\">Janvier 2026<\/span><span data-ccp-props=\"{}\">\u00a0<\/span><\/a><\/li>\n<\/ul>\n<p><span data-ccp-props=\"{}\">\u00a0<\/span><\/p>\n<p><em><strong>\u00c9tablissement pour femmes de Fraser Valley<\/strong> <\/em><\/p>\n<ul>\n<li aria-setsize=\"-1\" data-leveltext=\"-\" data-font=\"Arial Narrow\" data-listid=\"6\" data-list-defn-props=\"{&quot;335551671&quot;:0,&quot;335552541&quot;:1,&quot;335559685&quot;:720,&quot;335559991&quot;:360,&quot;469769226&quot;:&quot;Arial Narrow&quot;,&quot;469769242&quot;:[8226],&quot;469777803&quot;:&quot;left&quot;,&quot;469777804&quot;:&quot;-&quot;,&quot;469777815&quot;:&quot;hybridMultilevel&quot;}\" data-aria-posinset=\"5\" data-aria-level=\"1\"><a href=\"https:\/\/caefs.ca\/wp-content\/uploads\/2025\/10\/CAEFS-Institutional-Management-Letter-September-2025-1.pdf\"><span data-contrast=\"none\">Septembre 2025<\/span><span data-ccp-props=\"{}\">\u00a0<\/span><\/a><\/li>\n<\/ul>\n<\/td>\n<\/tr>\n<\/tbody>\n<\/table>\n<p><span data-ccp-props=\"{}\">\u00a0<\/span><\/p>\n                                    <\/div>\n            <\/li>\n                    <li class=\"accordion-item\" data-accordion-item>\n                <a href=\"#block_348f2e9416f3fe5bbd2d733ece9ac25f-1\" class=\"accordion-title\">Juin 2025<\/a>\n                <div class=\"accordion-content\" data-tab-content id=\"block_348f2e9416f3fe5bbd2d733ece9ac25f-1\">\n                    <p>On June 11th, l&rsquo;ACSEF was in federal court working to ensure that the Correctional Service of Canada upholds their legal obligation to ensure<\/p>\n<p>Le 11 juin, l&rsquo;ACSEF s&rsquo;est pr\u00e9sent\u00e9 devant le tribunal f\u00e9d\u00e9ral afin de veiller \u00e0 ce que le Service correctionnel du Canada respecte son obligation l\u00e9gale d&rsquo;assurer la s\u00e9curit\u00e9 et des conditions de vie saines \u00e0 l&rsquo;\u00c9tablissement pour femmes d&rsquo;Edmonton (EIFW)<\/p>\n<p>Cette requ\u00eate judiciaire porte sp\u00e9cifiquement sur la temp\u00e9rature \u00e0 l&rsquo;int\u00e9rieur de l&rsquo;unit\u00e9 de s\u00e9curit\u00e9 maximale de l&rsquo;EIFW. Depuis 2006, des personnes ont signal\u00e9 \u00e0 l&rsquo;ACSEF qu&rsquo;elles subissaient des temp\u00e9ratures excessivement \u00e9lev\u00e9es ou basses pendant leur incarc\u00e9ration dans cette unit\u00e9 \u2013 bien en dehors de la fourchette habituelle et \u00e0 un point tel que, selon nous, cela s&rsquo;apparente \u00e0 de la torture.<\/p>\n<p>Cette requ\u00eate a \u00e9t\u00e9 plaid\u00e9e par Kate Engle, du cabinet Taylor Janis LLP, agissant en tant qu\u2019avocate pour l&rsquo;ACSEF.<\/p>\n<p style=\"padding-left: 40px;\"><strong>Dans la loi :<\/strong><\/p>\n<p style=\"padding-left: 40px;\"><strong>L.C.R.C., art. 70 : Le Service prend toutes les mesures raisonnables pour s\u2019assurer que les \u00e9tablissements p\u00e9nitentiaires, l\u2019environnement p\u00e9nitentiaire, les conditions de vie et de travail des d\u00e9tenus ainsi que les conditions de travail des membres du personnel sont s\u00fbrs, salubres et exempts de pratiques qui portent atteinte au sentiment de dignit\u00e9 personnelle d\u2019une personne.<\/strong><\/p>\n<p>Bien que cette requ\u00eate concerne sp\u00e9cifiquement l\u2019EIFW, l&rsquo;ACSEF a re\u00e7u de nombreux autres rapports indiquant que les conditions mat\u00e9rielles de d\u00e9tention des femmes et des personnes de genre divers dans les prisons f\u00e9d\u00e9rales ne sont souvent pas conformes \u00e0 la loi.<\/p>\n<p>Par exemple, dans les lettres de plaidoyer de ce mois-ci, les d\u00e9fenseurs ont \u00e9voqu\u00e9 les cons\u00e9quences persistantes des conditions de chaleur extr\u00eame \u00e0 l\u2019\u00e9tablissement de Grand Valley (GVI), ainsi que les mesures limit\u00e9es prises pour en att\u00e9nuer les effets sur les personnes qui y sont incarc\u00e9r\u00e9es \u2013 un probl\u00e8me bien document\u00e9, ann\u00e9e apr\u00e8s ann\u00e9e, au GVI.<\/p>\n<p>\u00c0 l&rsquo;EIFW, des signalements ont continu\u00e9 d&rsquo;affluer concernant les conditions de vie dans l&rsquo;unit\u00e9 de s\u00e9curit\u00e9 maximale, notamment la pr\u00e9sence d&rsquo;asticots, de moisissures et de canalisations bouch\u00e9es.<\/p>\n<p>L&rsquo;ACSEF s&rsquo;engage \u00e0 \u0153uvrer pour un monde sans prisons, mais la surveillance des conditions mat\u00e9rielles de d\u00e9tention des personnes incarc\u00e9r\u00e9es reste essentielle au bien-\u00eatre de celles qui sont aujourd&rsquo;hui en prison.<\/p>\n<p>&nbsp;<\/p>\n                                    <\/div>\n            <\/li>\n                    <li class=\"accordion-item\" data-accordion-item>\n                <a href=\"#block_348f2e9416f3fe5bbd2d733ece9ac25f-2\" class=\"accordion-title\">Mai 2025<\/a>\n                <div class=\"accordion-content\" data-tab-content id=\"block_348f2e9416f3fe5bbd2d733ece9ac25f-2\">\n                    <p><span style=\"text-decoration: underline;\"><em><strong>Mise \u00e0 jour de mai 2025<\/strong><\/em><\/span><\/p>\n<p>Saviez-vous que l&rsquo;objectif l\u00e9gal du syst\u00e8me correctionnel f\u00e9d\u00e9ral est d&rsquo;aider les personnes incarc\u00e9r\u00e9es et en libert\u00e9 conditionnelle \u00e0 se r\u00e9ins\u00e9rer dans la soci\u00e9t\u00e9 ?<\/p>\n<p style=\"padding-left: 40px;\"><strong>Dans la loi :<\/strong><\/p>\n<p style=\"padding-left: 40px;\"><strong>L.C.R.C., art. 3 Le syst\u00e8me correctionnel f\u00e9d\u00e9ral a pour objectif de contribuer au maintien d&rsquo;une soci\u00e9t\u00e9 juste, pacifique et s\u00fbre en<\/strong><\/p>\n<p style=\"padding-left: 40px;\"><strong>(a) l\u2019ex\u00e9cution des peines impos\u00e9es par les tribunaux gr\u00e2ce \u00e0 la d\u00e9tention et \u00e0 la surveillance, dans des conditions s\u00fbres et humaines, des [personnes purgeant une peine f\u00e9d\u00e9rale]; et<\/strong><\/p>\n<p style=\"padding-left: 40px;\"><strong>(b) la facilitation de la r\u00e9adaptation des [personnes purgeant une peine f\u00e9d\u00e9rale] et de leur r\u00e9insertion dans la collectivit\u00e9 en tant que citoyens respectueux de la loi, gr\u00e2ce \u00e0 la mise en place de programmes dans les \u00e9tablissements p\u00e9nitentiaires et au sein de la collectivit\u00e9.<\/strong><\/p>\n<p>La Commission des lib\u00e9rations conditionnelles du Canada souligne que la lib\u00e9ration progressive et structur\u00e9e \u2014 appel\u00e9e \u00ab continuum de lib\u00e9ration \u00bb \u2014 est l\u2019approche la plus efficace pour favoriser la r\u00e9insertion sociale. Ce continuum de lib\u00e9ration comprend toutes les formes de lib\u00e9ration conditionnelle, telles que les absences temporaires avec escorte, les absences temporaires sans escorte, les permissions de sortie pour travail, la semi-libert\u00e9, la lib\u00e9ration conditionnelle totale et la lib\u00e9ration d\u2019office. Vous pouvez en savoir plus sur ces types de lib\u00e9ration conditionnelle sur le site <a href=\"https:\/\/www.canada.ca\/fr\/commission-liberations-conditionnelles\/services\/liberation-conditionnelle\/les-types-de-mise-en-liberte-sous-condition.html\">Web de la Commission des lib\u00e9rations conditionnelles du Canada.<\/a><\/p>\n<p>Malgr\u00e9 son efficacit\u00e9 av\u00e9r\u00e9e, les personnes incarc\u00e9r\u00e9es font r\u00e9guli\u00e8rement \u00e9tat d\u2019obstacles \u00e0 l\u2019acc\u00e8s \u00e0 la lib\u00e9ration conditionnelle, ce qui est souvent mentionn\u00e9 dans nos lettres de plaidoyer.<\/p>\n<p>Ce mois-ci, des difficult\u00e9s ont \u00e9t\u00e9 signal\u00e9es pour entrer en contact avec les agents de lib\u00e9ration conditionnelle \u00e0 l\u2019\u00e9tablissement Nova, ce qui complique la t\u00e2che des personnes souhaitant planifier efficacement leur lib\u00e9ration. \u00c0 l&rsquo;\u00e9tablissement Fraser Valley, des personnes ont signal\u00e9 de longs retards dans l&rsquo;obtention de leur premi\u00e8re sortie temporaire accompagn\u00e9e en raison de la disponibilit\u00e9 du personnel et de l&rsquo;acc\u00e8s limit\u00e9 aux \u00e9valuations des risques requises \u2013 des retards qui, selon elles, risquaient de compromettre leur acc\u00e8s en temps opportun \u00e0 la semi-libert\u00e9. \u00c0 l&rsquo;\u00e9tablissement Grand Valley, une personne a indiqu\u00e9 que sa sortie temporaire accompagn\u00e9e pour assister aux fun\u00e9railles d&rsquo;un proche avait \u00e9t\u00e9 refus\u00e9e en raison de difficult\u00e9s logistiques signal\u00e9es.<\/p>\n<p>En parcourant nos lettres pr\u00e9c\u00e9dentes, vous trouverez de nombreux autres exemples d&rsquo;obstacles signal\u00e9s.<\/p>\n<p>L\u2019une des fa\u00e7ons dont l&rsquo;ACSEF cherche \u00e0 r\u00e9pondre \u00e0 ces pr\u00e9occupations est de s\u2019assurer que les personnes incarc\u00e9r\u00e9es comprennent leur admissibilit\u00e9 l\u00e9gale \u00e0 la lib\u00e9ration conditionnelle et savent comment se pr\u00e9parer efficacement \u00e0 la lib\u00e9ration conditionnelle. Cela passe notamment par la distribution de notre guide \u00ab <a href=\"https:\/\/caefs.ca\/wp-content\/uploads\/2026\/03\/Community-in-Action-Final-Edit-July-30_FR.pdf\">Communaut\u00e9 en Action<\/a> \u00bb. Dans certains cas, les d\u00e9fenseurs de l&rsquo;ACSEF assistent ou apportent leur aide lors des audiences de lib\u00e9ration conditionnelle des personnes concern\u00e9es. Les d\u00e9fenseurs principaux travaillent en \u00e9troite collaboration avec les d\u00e9fenseurs pairs sur leur temps libre afin de s\u2019assurer qu\u2019ils puissent \u00e9galement apporter un soutien significatif aux personnes dans ce domaine.<\/p>\n<p><em><span style=\"text-decoration: underline;\"><strong>Pairs-d\u00e9fenseurs et formations<\/strong><\/span><\/em><\/p>\n<p>\u00c0 ce propos, une nouvelle pair-d\u00e9fenseure a \u00e9t\u00e9 recrut\u00e9e ce mois-ci \u00e0 l\u2019\u00e9tablissement de Fraser Valley ! Elle a re\u00e7u du mat\u00e9riel et des ressources \u00e9labor\u00e9es par l&rsquo;ACSEF, tout comme nos autres pairs-d\u00e9fenseurs.<\/p>\n<p>Les pairs-d\u00e9fenseurs sont des personnes incarc\u00e9r\u00e9es dans des \u00e9tablissements p\u00e9nitentiaires r\u00e9serv\u00e9s aux femmes ; ils b\u00e9n\u00e9ficient d\u2019une formation et d\u2019un soutien continu de la part de l&rsquo;ACSEF dans le cadre d\u2019un poste reconnu par le Service correctionnel du Canada. Ils font partie int\u00e9grante de nos \u00e9quipes r\u00e9gionales de d\u00e9fense des droits.<\/p>\n<p>Pour devenir d\u00e9fenseur par les pairs, il est indispensable de participer \u00e0 la formation en d\u00e9fense par les pairs offert par l&rsquo;ACSEF, organis\u00e9e une ou deux fois par an dans chaque prison f\u00e9d\u00e9rale r\u00e9serv\u00e9e aux femmes. Cette formation fournit aux participants les bases des cadres l\u00e9gislatifs applicables aux \u00e9tablissements p\u00e9nitentiaires, encourage la r\u00e9solution de probl\u00e8mes au niveau syst\u00e9mique et donne des conseils pour utiliser efficacement le processus interne de r\u00e8glement des griefs, ainsi que d\u2019autres comp\u00e9tences cl\u00e9s en mati\u00e8re de d\u00e9fense des droits.<\/p>\n<p>Nous sommes impatients d\u2019organiser plusieurs formations \u00e0 la d\u00e9fense des droits par les pairs cet automne et d\u2019accueillir de nouveaux d\u00e9fenseurs par les pairs au sein de nos \u00e9quipes !<\/p>\n<p><strong>Le saviez-vous ? L\u2019ann\u00e9e derni\u00e8re, l&rsquo;ACSEF a dispens\u00e9 sa formation \u00e0 la d\u00e9fense des droits par les pairs \u00e0 180 personnes dans les prisons f\u00e9d\u00e9rales r\u00e9serv\u00e9es aux femmes. Cela repr\u00e9sente pr\u00e8s de 25 % des personnes incarc\u00e9r\u00e9es dans ces \u00e9tablissements p\u00e9nitentiaires.<\/strong><\/p>\n<p>Voici ce qu\u2019une participante a d\u00e9clar\u00e9 \u00e0 propos de son exp\u00e9rience de la formation :<\/p>\n<blockquote><p><em>\u00ab Je trouve que vous avez anim\u00e9 une formation tr\u00e8s approfondie et ouverte \u00e0 toutes, et je tiens \u00e0 vous en remercier. J\u2019en suis ressortie avec beaucoup plus de connaissances qui me permettront de d\u00e9fendre mes droits et ceux des autres femmes h\u00e9berg\u00e9es ici. \u00bb (citation traduite de l&rsquo;anglais)<\/em><\/p><\/blockquote>\n<p>&nbsp;<\/p>\n                                    <\/div>\n            <\/li>\n                    <li class=\"accordion-item\" data-accordion-item>\n                <a href=\"#block_348f2e9416f3fe5bbd2d733ece9ac25f-3\" class=\"accordion-title\">Avril 2025 <\/a>\n                <div class=\"accordion-content\" data-tab-content id=\"block_348f2e9416f3fe5bbd2d733ece9ac25f-3\">\n                    <p><strong>Saviez-vous que dans les prisons f\u00e9d\u00e9rales r\u00e9serv\u00e9es aux femmes, la plupart des d\u00e9tenues pr\u00e9parent elles-m\u00eames leurs repas ?<\/strong> Dans la plupart des cas, les personnes incarc\u00e9r\u00e9es dans les unit\u00e9s \u00e0 s\u00e9curit\u00e9 minimale et moyenne re\u00e7oivent un budget hebdomadaire pour acheter des produits alimentaires \u00e0 partir d\u2019une liste \u00e9tablie par l\u2019\u00e9tablissement. Elles pr\u00e9parent ensuite leurs propres repas au sein de leurs unit\u00e9s de vie. En revanche, celles qui sont incarc\u00e9r\u00e9es dans les unit\u00e9s \u00e0 s\u00e9curit\u00e9 maximale re\u00e7oivent des repas pr\u00e9par\u00e9s \u00e0 l\u2019avance, servis sur des plateaux par le personnel de restauration.<\/p>\n<p>R\u00e9cemment, le Service correctionnel du Canada (SCC) a r\u00e9duit les budgets alimentaires des d\u00e9tenues dans les prisons r\u00e9serv\u00e9es aux femmes, tout en augmentant ceux des d\u00e9tenus dans les prisons r\u00e9serv\u00e9es aux hommes. La justification avanc\u00e9e \u00e9tait que les femmes ont besoin de moins de calories que les hommes. Cependant, les recommandations nutritionnelles actuelles du gouvernement ne font pas de distinction entre les apports caloriques recommand\u00e9s en fonction du sexe ou du genre. Alors que le co\u00fbt des denr\u00e9es alimentaires continue d\u2019augmenter dans tout le pays, les personnes incarc\u00e9r\u00e9es dans les prisons f\u00e9d\u00e9rales \u2014 en particulier celles d\u00e9tenues dans des \u00e9tablissements r\u00e9serv\u00e9s aux femmes \u2014 ont du mal \u00e0 se procurer suffisamment de nourriture.<\/p>\n<p>Ce n\u2019est l\u00e0 qu\u2019un des nombreux probl\u00e8mes li\u00e9s \u00e0 l\u2019alimentation que l&rsquo;ACSEF a r\u00e9cemment document\u00e9s. En avril, des personnes incarc\u00e9r\u00e9es \u00e0 l\u2019\u00e9tablissement de Grand Valley et \u00e0 l\u2019\u00e9tablissement de Nova ont fait part de graves pr\u00e9occupations concernant l\u2019acc\u00e8s \u00e0 une alimentation ad\u00e9quate.<\/p>\n<p>Dans une lettre adress\u00e9e \u00e0 Nova, des d\u00e9fenseurs des droits ont rapport\u00e9 des t\u00e9moignages faisant \u00e9tat d\u2019un acc\u00e8s limit\u00e9 \u00e0 une alimentation suffisante dans l\u2019unit\u00e9 de s\u00e9curit\u00e9 maximale. Les d\u00e9tenues ont indiqu\u00e9 qu\u2019elles avaient souvent faim en raison de la petite taille des portions, d\u2019un apport insuffisant en prot\u00e9ines et d\u2019une consommation excessive de f\u00e9culents. Des t\u00e9moignages similaires ont \u00e9t\u00e9 recueillis dans les unit\u00e9s de s\u00e9curit\u00e9 maximale d\u2019autres prisons pour femmes.<\/p>\n<p>Pour le deuxi\u00e8me mois cons\u00e9cutif, les d\u00e9fenseurs travaillant avec les personnes d\u00e9tenues \u00e0 l\u2019\u00e9tablissement GVI ont fait \u00e9tat de pr\u00e9occupations concernant l\u2019acc\u00e8s insuffisant \u00e0 la nourriture dans l\u2019enceinte principale. Dans certains cas, les personnes ont \u00e9t\u00e9 contraintes d\u2019utiliser la totalit\u00e9 de leur budget alimentaire pour les quelques articles disponibles \u2014 par exemple, en le d\u00e9pensant enti\u00e8rement pour plusieurs bo\u00eetes de pur\u00e9e de citrouille ou pour 50 dollars de sardines.<\/p>\n<p>Vous pouvez en savoir plus sur ces rapports dans les lettres de ce mois-ci.<\/p>\n<p>\u00c0 l\u2019\u00e9tablissement Fraser Valley, des comit\u00e9s de pairs continuent de militer pour un acc\u00e8s \u00e9quitable \u00e0 la nourriture, en particulier pour la population croissante de personnes de genres divers. Vous trouverez plus de d\u00e9tails sur ces rapports dans les lettres de la FVI publi\u00e9es plus t\u00f4t cette ann\u00e9e.<\/p>\n<p><strong>Dans la loi<\/strong><\/p>\n<p><em>Le R\u00e8glement sur le syst\u00e8me correctionnel et la mise en libert\u00e9 sous condition stipule : <\/em><\/p>\n<p><em><strong>RCCS, art. 83(2)<\/strong> : Le Service prend toutes les mesures raisonnables pour assurer la s\u00e9curit\u00e9 de chaque [personne incarc\u00e9r\u00e9e] et pour veiller \u00e0 ce que chaque [personne incarc\u00e9r\u00e9e] soit (a) correctement v\u00eatue et nourrie.<\/em><\/p>\n<p><em>La Loi sur le syst\u00e8me correctionnel et la mise en libert\u00e9 sous condition stipule :<\/em><\/p>\n<p><em><strong>LSCMLC, art. 70<\/strong> : Le Service prend toutes les mesures raisonnables pour s&rsquo;assurer que les \u00e9tablissements p\u00e9nitentiaires, l&rsquo;environnement p\u00e9nitentiaire, les conditions de vie et de travail des d\u00e9tenus ainsi que les conditions de travail des membres du personnel sont s\u00fbrs, salubres et exempts de pratiques qui portent atteinte au sentiment de dignit\u00e9 personnelle d&rsquo;une personne.<\/em><\/p>\n<p><!-- wp:spacer {\"height\":\"50px\"} --><\/p>\n<div class=\"wp-block-spacer\" aria-hidden=\"true\"><\/div>\n<p><!-- \/wp:spacer --><\/p>\n                                    <\/div>\n            <\/li>\n                    <li class=\"accordion-item\" data-accordion-item>\n                <a href=\"#block_348f2e9416f3fe5bbd2d733ece9ac25f-4\" class=\"accordion-title\">Mars 2025 <\/a>\n                <div class=\"accordion-content\" data-tab-content id=\"block_348f2e9416f3fe5bbd2d733ece9ac25f-4\">\n                    <p>Dans le cadre de leur travail, les \u00e9quipes r\u00e9gionales de d\u00e9fense des droits organisent souvent des ateliers et des \u00e9v\u00e9nements afin d\u2019aider les personnes incarc\u00e9r\u00e9es \u00e0 mieux comprendre leurs droits en tant que personnes condamn\u00e9es \u00e0 une peine f\u00e9d\u00e9rale.<\/p>\n<p>Ce mois-ci, lors de notre visite r\u00e9guli\u00e8re \u00e0 l\u2019\u00e9tablissement de Grand Valley, l\u2019\u00e9quipe r\u00e9gionale de d\u00e9fense des droits de l\u2019Ontario a organis\u00e9 une s\u00e9rie d\u2019ateliers pour pr\u00e9senter la nouvelle ressource de l&rsquo;ACSEF : <em>Community in Action : un guide destin\u00e9 aux femmes et aux personnes de genre divers condamn\u00e9es \u00e0 une peine f\u00e9d\u00e9rale pour les aider \u00e0 g\u00e9rer leur sortie de prison et leur lib\u00e9ration conditionnelle.<\/em><\/p>\n<p>Les d\u00e9fenseurs ont rencontr\u00e9 des personnes de tous les niveaux de s\u00e9curit\u00e9, leur ont remis des exemplaires du guide <em>Communaut\u00e9 en Action<\/em>, ont r\u00e9pondu \u00e0 leurs questions sur la lib\u00e9ration conditionnelle, ont recueilli leurs commentaires sur les informations suppl\u00e9mentaires qui pourraient les aider \u00e0 se sentir mieux pr\u00e9par\u00e9es \u00e0 g\u00e9rer ces d\u00e9marches, et ont partag\u00e9 de d\u00e9licieuses collations.<\/p>\n<p>Depuis lors, les d\u00e9fenseurs s\u2019efforcent d\u2019int\u00e9grer les commentaires des participants dans une version mise \u00e0 jour de ce guide. Nous avons \u00e9galement re\u00e7u des contributions pr\u00e9cieuses de la part de pairs d\u00e9fenseurs d\u2019autres \u00e9tablissements p\u00e9nitentiaires r\u00e9serv\u00e9s aux femmes, ainsi que de b\u00e9n\u00e9voles ayant une exp\u00e9rience v\u00e9cue. Ce processus it\u00e9ratif est au c\u0153ur de la mani\u00e8re dont l&rsquo;ACSEF \u00e9labore des ressources visant \u00e0 soutenir \u00e0 la fois l\u2019autod\u00e9fense des droits et la d\u00e9fense des droits par les pairs.<\/p>\n<p>Le guide <em>Communaut\u00e9 en Action<\/em>\u00a0a \u00e9t\u00e9 \u00e9labor\u00e9 en r\u00e9ponse aux t\u00e9moignages r\u00e9guliers de personnes incarc\u00e9r\u00e9es et en libert\u00e9 conditionnelle concernant les difficult\u00e9s qu\u2019elles rencontrent pour acc\u00e9der \u00e0 la lib\u00e9ration conditionnelle et s\u2019y retrouver dans ces syst\u00e8mes complexes. Bon nombre de ces pr\u00e9occupations se refl\u00e8tent \u00e9galement dans nos lettres mensuelles de plaidoyer syst\u00e9mique.<\/p>\n<p>Vous pouvez consulter le guide ci-dessous et n\u2019h\u00e9sitez pas \u00e0 le partager avec toute personne susceptible d\u2019en b\u00e9n\u00e9ficier. Les personnes incarc\u00e9r\u00e9es dans les \u00e9tablissements p\u00e9nitentiaires f\u00e9d\u00e9raux r\u00e9serv\u00e9s aux femmes peuvent demander des exemplaires imprim\u00e9s aupr\u00e8s de leurs \u00e9quipes r\u00e9gionales de d\u00e9fense des droits.<\/p>\n<p><strong>Saviez-vous que la lib\u00e9ration conditionnelle offre les meilleures chances de r\u00e9ussite en mati\u00e8re de r\u00e9insertion sociale?<\/strong> La Commission des lib\u00e9rations conditionnelles du Canada souligne qu\u2019une lib\u00e9ration progressive et structur\u00e9e \u2014 appel\u00e9e <em>continuum de lib\u00e9ration<\/em> \u2014 constitue l\u2019approche la plus efficace pour favoriser la r\u00e9insertion sociale. Il est important de noter que l\u2019un des deux objectifs principaux du Service correctionnel du Canada est d\u2019aider les personnes \u00e0 se r\u00e9ins\u00e9rer dans la soci\u00e9t\u00e9.<\/p>\n<p><strong>Dans la loi :<\/strong><\/p>\n<p><em>La Loi sur le syst\u00e8me correctionnel et la mise en libert\u00e9 sous condition stipule :<\/em><\/p>\n<p><strong>LSCMLC, art. 3(b) :<\/strong><\/p>\n<p><em>Le syst\u00e8me correctionnel f\u00e9d\u00e9ral a pour objectif de contribuer au maintien d&rsquo;une soci\u00e9t\u00e9 juste, pacifique et s\u00fbre en [\u2026] (b) favorisant la r\u00e9adaptation des [personnes incarc\u00e9r\u00e9es] et leur r\u00e9insertion dans la collectivit\u00e9 en tant que citoyens respectueux des lois, gr\u00e2ce \u00e0 la mise en place de programmes dans les \u00e9tablissements p\u00e9nitentiaires et au sein de la collectivit\u00e9.<\/em><\/p>\n<hr class=\"\" data-start=\"2681\" data-end=\"2684\" \/>\n<p><strong>Mise \u00e0 jour sur les visites familiales<\/strong><\/p>\n<p>Le CAEFS continue de recevoir des signalements concernant les obstacles aux contacts familiaux, un probl\u00e8me que nous avions soulev\u00e9 le mois dernier. \u00c0 l\u2019\u00e9tablissement Fraser Valley, les d\u00e9tenus de l\u2019unit\u00e9 de s\u00e9curit\u00e9 maximale ont fait part de leurs pr\u00e9occupations quant \u00e0 l\u2019acc\u00e8s limit\u00e9 aux visites par vid\u00e9oconf\u00e9rence. \u00c0 l\u2019\u00e9tablissement Grand Valley, les d\u00e9tenus ont signal\u00e9 des retards dans l\u2019approbation des demandes de visite, devant souvent attendre des mois avant de pouvoir voir leur famille en personne. Ils ont \u00e9galement signal\u00e9 les r\u00e9percussions d\u2019un t\u00e9l\u00e9phone en panne dans l\u2019une des unit\u00e9s d\u2019habitation. \u00c0 l\u2019\u00e9tablissement pour femmes d\u2019Edmonton, les d\u00e9tenues ont continu\u00e9 \u00e0 faire part de leurs pr\u00e9occupations concernant le syst\u00e8me t\u00e9l\u00e9phonique, signalant cette fois-ci des retards dans l\u2019ajout de membres de leur famille \u00e0 leur liste de num\u00e9ros approuv\u00e9s (\u00e9galement appel\u00e9e \u00ab code PIN \u00bb).<\/p>\n<p>&nbsp;<\/p>\n                     \n                                                <div class=\"files-block\"><div class=\"files\">\n                                                        <div class=\"file\">\n                                    <span class=\"title\">Communaut\u00e9 en Action<\/span>\n                                <span class=\"size\">(890kB, PDF)<\/span>\n                                <a class=\"cta\" href=\"https:\/\/caefs.ca\/wp-content\/uploads\/2026\/04\/Community-in-Action-Final-Edit-July-30_FR.pdf\" title=\"Communaut\u00e9 en Action\" target=\"_blank\">\n                                    T\u00e9l\u00e9charger<i class=\"icon icon-download\"><\/i>\n                                <\/a>\n                            <\/div>\n                                                    <\/div><\/div>\n                                                            <\/div>\n            <\/li>\n                    <li class=\"accordion-item\" data-accordion-item>\n                <a href=\"#block_348f2e9416f3fe5bbd2d733ece9ac25f-5\" class=\"accordion-title\">F\u00e9vrier 2025 <\/a>\n                <div class=\"accordion-content\" data-tab-content id=\"block_348f2e9416f3fe5bbd2d733ece9ac25f-5\">\n                    <p>En f\u00e9vrier, l&rsquo;ACSEF a particip\u00e9, aux c\u00f4t\u00e9s d\u2019autres organisations communautaires, \u00e0 une consultation nationale sur le Programme m\u00e8re-enfant en \u00e9tablissement du Service correctionnel du Canada (SCC). Cette consultation s\u2019inscrit parmi les diff\u00e9rentes initiatives par lesquelles l&rsquo;ACSEF a fait part de ses commentaires sur le programme et a port\u00e9 \u00e0 l\u2019attention des d\u00e9cideurs du SCC les pr\u00e9occupations des m\u00e8res et des personnes qui s\u2019occupent d\u2019enfants en situation d\u2019incarc\u00e9ration.<\/p>\n<p>Cependant, le Programme m\u00e8re-enfant en \u00e9tablissement n\u2019est qu\u2019un exemple parmi d\u2019autres de la mani\u00e8re dont les personnes incarc\u00e9r\u00e9es tentent de maintenir le lien avec leur famille. L&rsquo;ACSEF continue de recevoir des signalements concernant des obstacles plus g\u00e9n\u00e9raux \u00e0 l\u2019acc\u00e8s aux familles. Par exemple, lors de nos visites en f\u00e9vrier 2025, des personnes d\u00e9tenues \u00e0 l\u2019\u00c9tablissement pour femmes d\u2019Edmonton ont signal\u00e9 une r\u00e9duction de l\u2019acc\u00e8s aux lignes t\u00e9l\u00e9phoniques dans l\u2019enceinte principale et ont exprim\u00e9 leur inqui\u00e9tude quant au fait que cette restriction limiterait leur capacit\u00e9 \u00e0 rester en contact avec leurs proches. \u00c0 l\u2019\u00c9tablissement Nova, des d\u00e9fenseurs ont assur\u00e9 un suivi aupr\u00e8s des \u00e9quipes de direction concernant l\u2019impact de l\u2019annulation des visites familiales priv\u00e9es sans pr\u00e9avis.<\/p>\n<p class=\"\" data-start=\"1137\" data-end=\"2040\"><strong>Saviez-vous que l\u2019une des principales raisons pour lesquelles des \u00e9tablissements p\u00e9nitentiaires canadiens r\u00e9serv\u00e9s aux femmes ont \u00e9t\u00e9 construits dans chaque r\u00e9gion \u00e9tait de favoriser le maintien de liens \u00e9troits avec la communaut\u00e9 et la famille pour les femmes et les personnes de genre divers condamn\u00e9es par les tribunaux f\u00e9d\u00e9raux ?<\/strong> En effet, la plupart des personnes incarc\u00e9r\u00e9es dans ces \u00e9tablissements \u00e9taient les principales responsables de leurs enfants au moment de leur incarc\u00e9ration. Par cons\u00e9quent, l\u2019incarc\u00e9ration des femmes et des personnes de genre divers a des r\u00e9percussions profondes sur les familles, en particulier sur les enfants. Ces pr\u00e9judices sont particuli\u00e8rement graves pour les communaut\u00e9s autochtones, compte tenu de l\u2019incarc\u00e9ration disproportionn\u00e9e des femmes autochtones et de l\u2019h\u00e9ritage historique de la s\u00e9paration familiale r\u00e9sultant de politiques coloniales telles que la \u00ab Sixties Scoop \u00bb et les pensionnats indiens. Pour ces raisons, l&rsquo;ACSEF continue de recommander que toutes les d\u00e9cisions du SCC soient prises dans le but de faciliter les contacts les plus \u00e9tendus et les plus accessibles possibles avec la famille et la communaut\u00e9.<\/p>\n<p><strong>Dans la loi :<\/strong><\/p>\n<p><em>La Loi sur le syst\u00e8me correctionnel et la mise en libert\u00e9 sous condition (LSCMC) garantit aux personnes d\u00e9tenues par les autorit\u00e9s f\u00e9d\u00e9rales le droit d&rsquo;entretenir des contacts raisonnables avec leur famille.<\/em><\/p>\n<p><strong>LSCMC, art. 71(1) :<\/strong><\/p>\n<p><em>Afin de favoriser les relations entre [les personnes incarc\u00e9r\u00e9es] et la collectivit\u00e9, une [personne incarc\u00e9r\u00e9e] a le droit d\u2019entretenir des contacts raisonnables, notamment par des visites et par correspondance, avec sa famille, ses amis et d\u2019autres personnes de l\u2019ext\u00e9rieur de l\u2019\u00e9tablissement p\u00e9nitentiaire, sous r\u00e9serve des limites raisonnables prescrites pour assurer la s\u00e9curit\u00e9 de l\u2019\u00e9tablissement p\u00e9nitentiaire ou la s\u00e9curit\u00e9 des personnes.<\/em><\/p>\n                                    <\/div>\n            <\/li>\n                    <li class=\"accordion-item\" data-accordion-item>\n                <a href=\"#block_348f2e9416f3fe5bbd2d733ece9ac25f-6\" class=\"accordion-title\">Janvier 2025 <\/a>\n                <div class=\"accordion-content\" data-tab-content id=\"block_348f2e9416f3fe5bbd2d733ece9ac25f-6\">\n                    <p>Ce mois-ci, nous nous sommes concentr\u00e9s sur le d\u00e9veloppement et le renforcement de nos capacit\u00e9s !<\/p>\n<p><strong>Accueil de nouveaux b\u00e9n\u00e9voles :<\/strong> nous avons r\u00e9cemment accueilli plus d\u2019une douzaine de nouveaux b\u00e9n\u00e9voles issus de la communaut\u00e9 au sein de nos \u00e9quipes r\u00e9gionales de d\u00e9fense des droits.<\/p>\n<p><strong>\u00c9largissement de nos \u00e9quipes de pairs d\u00e9fenseurs :<\/strong> nous avons accueilli deux nouveaux pairs d\u00e9fenseurs \u00e0 l\u2019Okimaw Ohci Healing Lodge, \u00e0 la suite d\u2019une formation en pr\u00e9sentiel de deux jours organis\u00e9e par l&rsquo;ACSEF au sein de l\u2019\u00e9tablissement en octobre 2024. Nous avons \u00e9galement recrut\u00e9 de nouveaux pairs d\u00e9fenseurs \u00e0 l\u2019\u00e9tablissement de la vall\u00e9e du Fraser et \u00e0 l\u2019\u00e9tablissement pour femmes de Joliette.<\/p>\n<p>Ces nouveaux membres de notre \u00e9quipe commenceront \u00e0 travailler aux c\u00f4t\u00e9s de nos pairs d\u00e9fenseurs d\u00e9j\u00e0 en place dans ces \u00e9tablissements.<\/p>\n<p><strong>Stages \u00e9tudiants<\/strong> : L&rsquo;ACSEF a \u00e9galement accueilli Eric Shatosky, b\u00e9n\u00e9vole de longue date au sein de l\u2019\u00e9quipe de l\u2019Ontario, dans le cadre de son stage \u00e0 l\u2019Institut polytechnique Humber de Toronto. Eric fait partie d\u2019un groupe plus large d\u2019\u00e9tudiants en stage travaillant avec l&rsquo;ACSEF, dont six \u00e9tudiants en droit de l\u2019Universit\u00e9 Thompson Rivers \u00e0 Kamloops, par l\u2019interm\u00e9diaire de Pro Bono Students Canada. Vous souhaitez effectuer un stage au CAEFS ? Si oui, <a href=\"https:\/\/caefs.ca\/fr\/travaillez-avec-nous\/\">cliquez ici<\/a> pour en savoir plus.<\/p>\n<p><strong>\u00c9largir notre champ d&rsquo;action :<\/strong> \u00c0 l&rsquo;\u00e9tablissement Nova pour femmes, les pairs-d\u00e9fenseurs travaillent au lancement du \u00ab Nova Newsletter \u00bb. Ce bulletin d&rsquo;information comprendra des renseignements juridiques, mettra en lumi\u00e8re des enjeux cl\u00e9s, partagera des informations sur les r\u00e9unions et les \u00e9v\u00e9nements des comit\u00e9s, et bien plus encore !<\/p>\n<p>\u00c0 l&rsquo;\u00e9tablissement de Fraser Valley, notre responsable de la d\u00e9fense des droits (Brianna) travaille avec des pairs d\u00e9fenseurs pour mettre au point un atelier destin\u00e9 \u00e0 soutenir les comit\u00e9s dirig\u00e9s par des pairs. Une fois pr\u00eat, cet atelier sera diffus\u00e9 \u00e0 l&rsquo;ensemble de nos \u00e9quipes afin d&rsquo;appuyer les comit\u00e9s dirig\u00e9s par des pairs dans tous les \u00e9tablissements p\u00e9nitentiaires f\u00e9d\u00e9raux r\u00e9serv\u00e9s aux femmes. Ces comit\u00e9s jouent un r\u00f4le essentiel<\/p>\n<p>L&rsquo;ACSEF a \u00e9galement r\u00e9cemment mis en place des appels t\u00e9l\u00e9phoniques r\u00e9guliers avec les d\u00e9fenseurs pairs de l\u2019\u00e9tablissement de Joliette et de l\u2019Okimaw Ochi Healing Lodge, ce qui nous permet d\u2019offrir un soutien plus constant en mati\u00e8re de droits et de recours et de travailler en collaboration pour d\u00e9fendre les personnes incarc\u00e9r\u00e9es dans ces \u00e9tablissements. Les d\u00e9fenseurs principaux ont mis en place des processus similaires pour rester en contact avec les d\u00e9fenseurs pairs entre les visites dans toutes les autres prisons f\u00e9d\u00e9rales r\u00e9serv\u00e9es aux femmes.<\/p>\n<p><strong>Visites de sensibilisation en personne :<\/strong> En janvier, nos \u00e9quipes ont effectu\u00e9 des visites de sensibilisation en personne \u00e0 l&rsquo;\u00e9tablissement Nova, \u00e0 l&rsquo;\u00e9tablissement Grand Valley, \u00e0 l&rsquo;\u00e9tablissement pour femmes d&rsquo;Edmonton et \u00e0 l&rsquo;\u00e9tablissement Fraser Valley. Cela signifie qu&rsquo;en janvier, nos \u00e9quipes ont consacr\u00e9 plus de 70 heures \u00e0 rencontrer en personne des femmes et des personnes de genre divers incarc\u00e9r\u00e9es au niveau f\u00e9d\u00e9ral.<\/p>\n<p><strong>Lettres de plaidoyer syst\u00e9mique<\/strong> : Nos lettres de plaidoyer syst\u00e9mique sont d\u00e9sormais publi\u00e9es chaque mois sur notre site web. Ces lettres sont r\u00e9dig\u00e9es \u00e0 la suite de chacune de nos visites de plaidoyer en personne et constituent un dossier probatoire sur les conditions de d\u00e9tention dans les prisons f\u00e9d\u00e9rales r\u00e9serv\u00e9es aux femmes. Elles permettent aux principaux d\u00e9cideurs politiques et parties prenantes d&rsquo;avoir un acc\u00e8s en temps r\u00e9el \u00e0 l&rsquo;ensemble des probl\u00e8mes rencontr\u00e9s dans ces \u00e9tablissements.<\/p>\n                                    <\/div>\n            <\/li>\n            <\/ul>\n<\/div>\n\n\n\n<div style=\"height:50px\" aria-hidden=\"true\" class=\"wp-block-spacer\"><\/div>\n\n\n\n<h2 class=\"wp-block-heading\">Rejoignez-nous pour faire la diff\u00e9rence<\/h2>\n\n\n\n<p>Supporter notre travail en devenant b\u00e9n\u00e9vole, en faisant un don ou en sensibilisant votre entourage.<\/p>\n\n\n\n<p style=\"font-size: 1rem; line-height: 1.5; font-style: italic; border-left: 3px solid #ccc; padding-left: 1em; margin: 1.5em 0;\">\n  \u00ab Le b\u00e9n\u00e9volat au sein du CAEFS me donne l\u2019occasion de contribuer \u00e0 rapprocher les personnes incarc\u00e9r\u00e9es de la communaut\u00e9. J\u2019apporte mon soutien et des ressources qui permettent \u00e0 chacun de se sentir int\u00e9gr\u00e9 et d\u2019avoir un sentiment d\u2019appartenance. Je d\u00e9fends les int\u00e9r\u00eats des personnes actuellement ou anciennement incarc\u00e9r\u00e9es en leur offrant une formation et des perspectives essentielles qui contribueront \u00e0 am\u00e9liorer le syst\u00e8me. \u00bb (traduit de l\u2019anglais)\n  <br>\n  <span style=\"display:block; margin-top:0.7em; font-style: normal; font-weight: 600;\">\n    \u2014 B\u00e9n\u00e9vole et repr\u00e9sentative r\u00e9gional\n  <\/span>\n<\/p>\n\n\n\n<div class=\"wp-block-buttons is-layout-flex wp-block-buttons-is-layout-flex\">\n<div class=\"wp-block-button\"><a class=\"wp-block-button__link wp-element-button\" href=\"https:\/\/caefs.ca\/fr\/travaillez-avec-nous\/\">B\u00e9n\u00e9volat<\/a><\/div>\n\n\n\n<div class=\"wp-block-button\"><a class=\"wp-block-button__link wp-element-button\" href=\"https:\/\/caefs.ca\/fr\/donate\/\">Faites un don<\/a><\/div>\n\n\n\n<div class=\"wp-block-button\"><a class=\"wp-block-button__link wp-element-button\" href=\"https:\/\/www.instagram.com\/caefs_acsef\/\">Abonnez-vous<\/a><\/div>\n<\/div>\n\n\n\n<p><\/p>\n","protected":false},"excerpt":{"rendered":"<p>Notre Programmes R\u00e9gionales de D\u00e9fense des Droits&nbsp; L\u2019Association Canadienne des Soci\u00e9t\u00e9s Elizabeth Fry (ACSEF) travaille pour am\u00e9liorer l\u2019acc\u00e8s \u00e0 la justice et \u00e0 surveiller les conditions de d\u00e9tention des femmes [&hellip;]<\/p>\n","protected":false},"author":3,"featured_media":0,"parent":0,"menu_order":0,"comment_status":"closed","ping_status":"closed","template":"","meta":{"_acf_changed":false,"om_disable_all_campaigns":false,"_monsterinsights_skip_tracking":false,"_monsterinsights_sitenote_active":false,"_monsterinsights_sitenote_note":"","_monsterinsights_sitenote_category":0,"footnotes":""},"category":[],"class_list":["post-5787","page","type-page","status-publish","hentry"],"acf":[],"aioseo_notices":[],"yoast_head":"<!-- This site is optimized with the Yoast SEO plugin v27.4 - https:\/\/yoast.com\/product\/yoast-seo-wordpress\/ -->\n<title>D\u00e9fense des droits des personnes incarc\u00e9r\u00e9es dans les \u00e9tablissements p\u00e9nitentiaires f\u00e9d\u00e9raux r\u00e9serv\u00e9s aux femmes et conditions de d\u00e9tention - ACSEF<\/title>\n<meta name=\"robots\" content=\"index, follow, max-snippet:-1, max-image-preview:large, max-video-preview:-1\" \/>\n<link rel=\"canonical\" href=\"https:\/\/caefs.ca\/fr\/defense-des-droits-dans-les-penitenciers-dits-pour-femmes\/\" \/>\n<meta property=\"og:locale\" content=\"fr_FR\" \/>\n<meta property=\"og:type\" content=\"article\" \/>\n<meta property=\"og:title\" content=\"D\u00e9fense des droits des personnes incarc\u00e9r\u00e9es dans les \u00e9tablissements p\u00e9nitentiaires f\u00e9d\u00e9raux r\u00e9serv\u00e9s aux femmes et conditions de d\u00e9tention - ACSEF\" \/>\n<meta property=\"og:description\" content=\"Notre Programmes R\u00e9gionales de D\u00e9fense des Droits&nbsp; L\u2019Association Canadienne des Soci\u00e9t\u00e9s Elizabeth Fry (ACSEF) travaille pour am\u00e9liorer l\u2019acc\u00e8s \u00e0 la justice et \u00e0 surveiller les conditions de d\u00e9tention des femmes [&hellip;]\" \/>\n<meta property=\"og:url\" content=\"https:\/\/caefs.ca\/fr\/defense-des-droits-dans-les-penitenciers-dits-pour-femmes\/\" \/>\n<meta property=\"og:site_name\" content=\"ACSEF\" \/>\n<meta property=\"article:modified_time\" content=\"2026-04-15T13:34:28+00:00\" \/>\n<meta name=\"twitter:card\" content=\"summary_large_image\" \/>\n<meta name=\"twitter:label1\" content=\"Dur\u00e9e de lecture estim\u00e9e\" \/>\n\t<meta name=\"twitter:data1\" content=\"6 minutes\" \/>\n<script type=\"application\/ld+json\" class=\"yoast-schema-graph\">{\"@context\":\"https:\\\/\\\/schema.org\",\"@graph\":[{\"@type\":\"WebPage\",\"@id\":\"https:\\\/\\\/caefs.ca\\\/fr\\\/defense-des-droits-dans-les-penitenciers-dits-pour-femmes\\\/\",\"url\":\"https:\\\/\\\/caefs.ca\\\/fr\\\/defense-des-droits-dans-les-penitenciers-dits-pour-femmes\\\/\",\"name\":\"D\u00e9fense des droits des personnes incarc\u00e9r\u00e9es dans les \u00e9tablissements p\u00e9nitentiaires f\u00e9d\u00e9raux r\u00e9serv\u00e9s aux femmes et conditions de d\u00e9tention - ACSEF\",\"isPartOf\":{\"@id\":\"https:\\\/\\\/caefs.ca\\\/fr\\\/#website\"},\"datePublished\":\"2023-01-05T19:09:02+00:00\",\"dateModified\":\"2026-04-15T13:34:28+00:00\",\"breadcrumb\":{\"@id\":\"https:\\\/\\\/caefs.ca\\\/fr\\\/defense-des-droits-dans-les-penitenciers-dits-pour-femmes\\\/#breadcrumb\"},\"inLanguage\":\"fr-FR\",\"potentialAction\":[{\"@type\":\"ReadAction\",\"target\":[\"https:\\\/\\\/caefs.ca\\\/fr\\\/defense-des-droits-dans-les-penitenciers-dits-pour-femmes\\\/\"]}]},{\"@type\":\"BreadcrumbList\",\"@id\":\"https:\\\/\\\/caefs.ca\\\/fr\\\/defense-des-droits-dans-les-penitenciers-dits-pour-femmes\\\/#breadcrumb\",\"itemListElement\":[{\"@type\":\"ListItem\",\"position\":1,\"name\":\"Accueil\",\"item\":\"https:\\\/\\\/caefs.ca\\\/fr\\\/\"},{\"@type\":\"ListItem\",\"position\":2,\"name\":\"D\u00e9fense des droits des personnes incarc\u00e9r\u00e9es dans les \u00e9tablissements p\u00e9nitentiaires f\u00e9d\u00e9raux r\u00e9serv\u00e9s aux femmes et conditions de d\u00e9tention\"}]},{\"@type\":\"WebSite\",\"@id\":\"https:\\\/\\\/caefs.ca\\\/fr\\\/#website\",\"url\":\"https:\\\/\\\/caefs.ca\\\/fr\\\/\",\"name\":\"ACSEF\",\"description\":\"Just another WordPress site\",\"potentialAction\":[{\"@type\":\"SearchAction\",\"target\":{\"@type\":\"EntryPoint\",\"urlTemplate\":\"https:\\\/\\\/caefs.ca\\\/fr\\\/?s={search_term_string}\"},\"query-input\":{\"@type\":\"PropertyValueSpecification\",\"valueRequired\":true,\"valueName\":\"search_term_string\"}}],\"inLanguage\":\"fr-FR\"}]}<\/script>\n<!-- \/ Yoast SEO plugin. -->","yoast_head_json":{"title":"D\u00e9fense des droits des personnes incarc\u00e9r\u00e9es dans les \u00e9tablissements p\u00e9nitentiaires f\u00e9d\u00e9raux r\u00e9serv\u00e9s aux femmes et conditions de d\u00e9tention - ACSEF","robots":{"index":"index","follow":"follow","max-snippet":"max-snippet:-1","max-image-preview":"max-image-preview:large","max-video-preview":"max-video-preview:-1"},"canonical":"https:\/\/caefs.ca\/fr\/defense-des-droits-dans-les-penitenciers-dits-pour-femmes\/","og_locale":"fr_FR","og_type":"article","og_title":"D\u00e9fense des droits des personnes incarc\u00e9r\u00e9es dans les \u00e9tablissements p\u00e9nitentiaires f\u00e9d\u00e9raux r\u00e9serv\u00e9s aux femmes et conditions de d\u00e9tention - ACSEF","og_description":"Notre Programmes R\u00e9gionales de D\u00e9fense des Droits&nbsp; L\u2019Association Canadienne des Soci\u00e9t\u00e9s Elizabeth Fry (ACSEF) travaille pour am\u00e9liorer l\u2019acc\u00e8s \u00e0 la justice et \u00e0 surveiller les conditions de d\u00e9tention des femmes [&hellip;]","og_url":"https:\/\/caefs.ca\/fr\/defense-des-droits-dans-les-penitenciers-dits-pour-femmes\/","og_site_name":"ACSEF","article_modified_time":"2026-04-15T13:34:28+00:00","twitter_card":"summary_large_image","twitter_misc":{"Dur\u00e9e de lecture estim\u00e9e":"6 minutes"},"schema":{"@context":"https:\/\/schema.org","@graph":[{"@type":"WebPage","@id":"https:\/\/caefs.ca\/fr\/defense-des-droits-dans-les-penitenciers-dits-pour-femmes\/","url":"https:\/\/caefs.ca\/fr\/defense-des-droits-dans-les-penitenciers-dits-pour-femmes\/","name":"D\u00e9fense des droits des personnes incarc\u00e9r\u00e9es dans les \u00e9tablissements p\u00e9nitentiaires f\u00e9d\u00e9raux r\u00e9serv\u00e9s aux femmes et conditions de d\u00e9tention - ACSEF","isPartOf":{"@id":"https:\/\/caefs.ca\/fr\/#website"},"datePublished":"2023-01-05T19:09:02+00:00","dateModified":"2026-04-15T13:34:28+00:00","breadcrumb":{"@id":"https:\/\/caefs.ca\/fr\/defense-des-droits-dans-les-penitenciers-dits-pour-femmes\/#breadcrumb"},"inLanguage":"fr-FR","potentialAction":[{"@type":"ReadAction","target":["https:\/\/caefs.ca\/fr\/defense-des-droits-dans-les-penitenciers-dits-pour-femmes\/"]}]},{"@type":"BreadcrumbList","@id":"https:\/\/caefs.ca\/fr\/defense-des-droits-dans-les-penitenciers-dits-pour-femmes\/#breadcrumb","itemListElement":[{"@type":"ListItem","position":1,"name":"Accueil","item":"https:\/\/caefs.ca\/fr\/"},{"@type":"ListItem","position":2,"name":"D\u00e9fense des droits des personnes incarc\u00e9r\u00e9es dans les \u00e9tablissements p\u00e9nitentiaires f\u00e9d\u00e9raux r\u00e9serv\u00e9s aux femmes et conditions de d\u00e9tention"}]},{"@type":"WebSite","@id":"https:\/\/caefs.ca\/fr\/#website","url":"https:\/\/caefs.ca\/fr\/","name":"ACSEF","description":"Just another WordPress site","potentialAction":[{"@type":"SearchAction","target":{"@type":"EntryPoint","urlTemplate":"https:\/\/caefs.ca\/fr\/?s={search_term_string}"},"query-input":{"@type":"PropertyValueSpecification","valueRequired":true,"valueName":"search_term_string"}}],"inLanguage":"fr-FR"}]}},"_links":{"self":[{"href":"https:\/\/caefs.ca\/fr\/wp-json\/wp\/v2\/pages\/5787","targetHints":{"allow":["GET"]}}],"collection":[{"href":"https:\/\/caefs.ca\/fr\/wp-json\/wp\/v2\/pages"}],"about":[{"href":"https:\/\/caefs.ca\/fr\/wp-json\/wp\/v2\/types\/page"}],"author":[{"embeddable":true,"href":"https:\/\/caefs.ca\/fr\/wp-json\/wp\/v2\/users\/3"}],"replies":[{"embeddable":true,"href":"https:\/\/caefs.ca\/fr\/wp-json\/wp\/v2\/comments?post=5787"}],"version-history":[{"count":100,"href":"https:\/\/caefs.ca\/fr\/wp-json\/wp\/v2\/pages\/5787\/revisions"}],"predecessor-version":[{"id":7944,"href":"https:\/\/caefs.ca\/fr\/wp-json\/wp\/v2\/pages\/5787\/revisions\/7944"}],"wp:attachment":[{"href":"https:\/\/caefs.ca\/fr\/wp-json\/wp\/v2\/media?parent=5787"}],"wp:term":[{"taxonomy":"category","embeddable":true,"href":"https:\/\/caefs.ca\/fr\/wp-json\/wp\/v2\/category?post=5787"}],"curies":[{"name":"wp","href":"https:\/\/api.w.org\/{rel}","templated":true}]}}